{"id":189,"date":"2018-01-18T09:36:05","date_gmt":"2018-01-18T09:36:05","guid":{"rendered":"http:\/\/www.fundacionsancebrian.com\/portal\/?page_id=189"},"modified":"2025-05-20T15:09:22","modified_gmt":"2025-05-20T13:09:22","slug":"escuela-de-animacion-puntos-suspensivos","status":"publish","type":"page","link":"https:\/\/www.fundacionsancebrian.com\/portal\/escuela-de-animacion-puntos-suspensivos\/","title":{"rendered":"Escuela de animaci\u00f3n \u00abPuntos Suspensivos\u00bb"},"content":{"rendered":"<div id=\"pl-189\"  class=\"panel-layout\" ><div id=\"pg-189-0\"  class=\"panel-grid panel-no-style\" ><div id=\"pgc-189-0-0\"  class=\"panel-grid-cell\" ><div id=\"panel-189-0-0-0\" class=\"so-panel widget widget_sow-headline panel-first-child panel-last-child\" data-index=\"0\" ><div class=\"panel-widget-style panel-widget-style-for-189-0-0-0\" ><div\n\t\t\t\n\t\t\tclass=\"so-widget-sow-headline so-widget-sow-headline-default-c47f84ec2e15-189 so-widget-fittext-wrapper\"\n\t\t\t data-fit-text-compressor=\"0.85\"\n\t\t><div class=\"sow-headline-container \">\n\t\t\t\t\t\t\t<h1 class=\"sow-headline\">\n\t\t\t\t\t\tEscuela de animaci\u00f3n <span style=\"color: #4DD0E1\"><br \/><b>PUNTOS SUSPENSIVOS<\/b><\/span> \t\t\t\t\t\t<\/h1>\n\t\t\t\t\t\t\t\t\t\t\t<div class=\"decoration\">\n\t\t\t\t\t\t<div class=\"decoration-inside\"><\/div>\n\t\t\t\t\t<\/div>\n\t\t\t\t\t<\/div>\n<\/div><\/div><\/div><\/div><\/div><div id=\"pg-189-1\"  class=\"panel-grid panel-no-style\" ><div id=\"pgc-189-1-0\"  class=\"panel-grid-cell\" ><div id=\"panel-189-1-0-0\" class=\"so-panel widget widget_lsow-tabs panel-first-child panel-last-child\" data-index=\"1\" ><div\n\t\t\t\n\t\t\tclass=\"so-widget-lsow-tabs so-widget-lsow-tabs-default-66fe3d72d884-189\"\n\t\t\t\n\t\t><div class=\"lsow-tabs lsow-vertical style8\" data-mobile-width=\"767\"><a href=\"#\" class=\"lsow-tab-mobile-menu\"><i class=\"lsow-icon-menu\"><\/i>&nbsp;<\/a><div class=\"lsow-tab-nav\"><div class=\"lsow-tab\"><a class=\"lsow-tab-label\" href=\"#\"><span class=\"lsow-tab-title\">Quienes somos<\/span><\/a><\/div><div class=\"lsow-tab\"><a class=\"lsow-tab-label\" href=\"#\"><span class=\"lsow-tab-title\">Cursos<\/span><\/a><\/div><div class=\"lsow-tab\"><a class=\"lsow-tab-label\" href=\"#\"><span class=\"lsow-tab-title\">Certificados<\/span><\/a><\/div><div class=\"lsow-tab\"><a class=\"lsow-tab-label\" href=\"#\"><span class=\"lsow-tab-title\">Recursos<\/span><\/a><\/div><div class=\"lsow-tab\"><a class=\"lsow-tab-label\" href=\"#\"><span class=\"lsow-tab-title\">Voluntarios<\/span><\/a><\/div><div class=\"lsow-tab\"><a class=\"lsow-tab-label\" href=\"#\"><span class=\"lsow-tab-title\">Preguntas<\/span><\/a><\/div><div class=\"lsow-tab\"><a class=\"lsow-tab-label\" href=\"#\"><span class=\"lsow-tab-title\">Solicitud de t\u00edtulos<\/span><\/a><\/div><\/div><!-- .lsow-tab-nav --><div class=\"lsow-tab-panes\"><div id=\"\" class=\"lsow-tab-pane\"><h1>Escuela de Animaci\u00f3n Puntos Suspensivos<\/h1>\n<p><div class=\"su-divider su-divider-style-default\" style=\"margin:0px 0;border-width:1px;border-color:#999999\"><\/div><\/p>\n<p><a href=\"https:\/\/www.fundacionsancebrian.com\/portal\/wp-content\/uploads\/2023\/04\/Fotos-Escuela-Animacion-7.jpg\"><img fetchpriority=\"high\" decoding=\"async\" class=\"alignright size-medium wp-image-10230\" src=\"https:\/\/www.fundacionsancebrian.com\/portal\/wp-content\/uploads\/2023\/04\/Fotos-Escuela-Animacion-7-300x225.jpg\" alt=\"\" width=\"300\" height=\"225\" srcset=\"https:\/\/www.fundacionsancebrian.com\/portal\/wp-content\/uploads\/2023\/04\/Fotos-Escuela-Animacion-7-300x225.jpg 300w, https:\/\/www.fundacionsancebrian.com\/portal\/wp-content\/uploads\/2023\/04\/Fotos-Escuela-Animacion-7-768x576.jpg 768w, https:\/\/www.fundacionsancebrian.com\/portal\/wp-content\/uploads\/2023\/04\/Fotos-Escuela-Animacion-7-600x450.jpg 600w, https:\/\/www.fundacionsancebrian.com\/portal\/wp-content\/uploads\/2023\/04\/Fotos-Escuela-Animacion-7.jpg 960w\" sizes=\"(max-width: 300px) 100vw, 300px\" \/><\/a>Reconocida oficialmente por la Junta de Castilla y Le\u00f3n e inscrita con el n\u00famero 94, la Escuela de Animaci\u00f3n Juvenil y Tiempo Libre ocio inclusivo \u201cPuntos Suspensivos\u201d se configura como un servicio a los j\u00f3venes con y sin discapacidad de Castilla y Le\u00f3n en el \u00e1mbito de la educaci\u00f3n no formal y como Centro de Estudios e Investigaci\u00f3n sobre Juventud y Discapacidad.<\/p>\n<p>&nbsp;<\/p>\n<p><a href=\"#\" class=\"su-button su-button-style-flat\" style=\"color:#000000;background-color:#ffffff;border-color:#cccccc;border-radius:10px\" target=\"_self\"><span style=\"color:#000000;padding:10px 34px;font-size:25px;line-height:38px;border-color:#ffffff;border-radius:10px;text-shadow:none\"><img decoding=\"async\" src=\"http:\/\/www.fundacionsancebrian.com\/portal\/wp-content\/uploads\/2018\/05\/info.png\" alt=\"\u00bfC\u00f3mo me informo?\" style=\"width:38px;height:38px\" \/> \u00bfC\u00f3mo me informo?<\/span><\/a><\/p>\n<hr \/>\n<p><i class=\"fa fa-user \" ><\/i> Elena S\u00e1nchez Liquete\u00a0 - <i class=\"fa fa-phone \" ><\/i> 979 17 98 14 -\u00a0<i class=\"fa fa-envelope \" ><\/i>\u00a0e. sanchez@fundacionsancebrian.com<\/p>\n<p>&nbsp;<\/p>\n<p><a href=\"https:\/\/www.tramitacastillayleon.jcyl.es\/web\/jcyl\/AdministracionElectronica\/es\/Plantilla100Detalle\/1251181050732\/enlaces\/1285034647013\/Tramite\"><a href=\"#\" class=\"su-button su-button-style-flat\" style=\"color:#000000;background-color:#ffffff;border-color:#cccccc;border-radius:10px\" target=\"_self\"><span style=\"color:#000000;padding:10px 34px;font-size:25px;line-height:38px;border-color:#ffffff;border-radius:10px;text-shadow:none\"><img decoding=\"async\" src=\"http:\/\/www.fundacionsancebrian.com\/portal\/wp-content\/uploads\/2018\/05\/info.png\" alt=\"Hoja de reclamaciones\" style=\"width:38px;height:38px\" \/> Hoja de reclamaciones<\/span><\/a><\/a><\/p>\n<hr \/>\n<p><a href=\"https:\/\/www.tramitacastillayleon.jcyl.es\/web\/jcyl\/AdministracionElectronica\/es\/Plantilla100Detalle\/1251181050732\/enlaces\/1285034647013\/Tramite\"><i class=\"fas fa-external-link-alt \" ><\/i> Reclamaciones de Consumo JCyL<\/a><\/p>\n<p>&nbsp;<\/p>\n<h1>Que ofrecemos<\/h1>\n<hr \/>\n<p><strong>Certificados profesionales. Centro homologado ECYL<\/strong><\/p>\n<ul>\n<li>Dinamizaci\u00f3n actividades de tiempo libre educativo infantil y juvenil<\/li>\n<li>\u202fInformador juvenil<\/li>\n<li>Direcci\u00f3n y coordinaci\u00f3n\u202f de actividades de tiempo libre educativo infantil y juvenil<\/li>\n<li>Especialidades curso monitor de tiempo libre, afectivo sexual, necesidades especiales, ludotecas.<\/li>\n<\/ul>\n<p><strong>Semanas tem\u00e1ticas, fiestas de cumplea\u00f1os y p<\/strong><strong>rograma de apoyo conciliaci\u00f3n vida familiar<\/strong><\/p>\n<ul>\n<li>Apoyo escolar durante todo el a\u00f1o<\/li>\n<li>Campamentos semana santa, verano<\/li>\n<\/ul>\n<p><div class=\"su-row\"><div class=\"su-column su-column-size-1-2\"><div class=\"su-column-inner su-u-clearfix su-u-trim\"><\/p>\n<p><strong>Cursos monogr\u00e1ficos:<\/strong><\/p>\n<ul>\n<li>Monogr\u00e1ficos medio ambiente.<\/li>\n<li>Diversidad.<\/li>\n<li>Solidaridad internacional<\/li>\n<li>Monogr\u00e1ficos de comic.<\/li>\n<li>Maquillaje.<\/li>\n<li>Monogr\u00e1ficos cocina.<\/li>\n<li>Coaching<\/li>\n<li>Primeros auxilios.<\/li>\n<li>Prevenci\u00f3n abuso sexual.<\/li>\n<li>Afectividad.<\/li>\n<li>Sexualidad.<\/li>\n<li>Resoluci\u00f3n de conflictos<\/li>\n<li>Minor\u00edas \u00e9tnicas.<\/li>\n<li>Otros monogr\u00e1ficos consultar.<\/li>\n<\/ul>\n<p><\/div><\/div> <div class=\"su-column su-column-size-1-2\"><div class=\"su-column-inner su-u-clearfix su-u-trim\"><\/p>\n<p><strong>Talleres:<\/strong><\/p>\n<ul>\n<li>\u202fIniciaci\u00f3n parkour<\/li>\n<li>Patines<\/li>\n<li>Streetfit<\/li>\n<li>Lettering<\/li>\n<li>Teatro ecol\u00f3gico<\/li>\n<li>Danza natural<\/li>\n<li>Yoga para ni\u00f1os<\/li>\n<li>Rodajes de cortos ecol\u00f3gicos<\/li>\n<li>Taller de radio<\/li>\n<li>Taller de escritura comprometida<\/li>\n<li>Taller de marionetas recicladas.<\/li>\n<li>Taller de radio<\/li>\n<li>Taller de escritura comprometida<\/li>\n<li>Taller de marionetas recicladas.<\/li>\n<li>Iniciaci\u00f3n ultimate<\/li>\n<li>Taller de Funky<\/li>\n<li>Taller de cuenta cuentos<\/li>\n<li>Taller de fotograf\u00eda<\/li>\n<li>Taller de defensa personal<\/li>\n<li>Talleres de creatividad<\/li>\n<li>Taller de lectura f\u00e1cil, accesibilidad cognitiva<\/li>\n<li>Otras actividades<\/li>\n<\/ul>\n<p><\/div><\/div><\/div><\/p>\n<\/div><div id=\"\" class=\"lsow-tab-pane\"><h1>Actividades y cursos 2024<\/h1>\n<p><div class=\"su-divider su-divider-style-default\" style=\"margin:0px 0;border-width:1px;border-color:#999999\"><\/div><\/p>\n<p><img decoding=\"async\" class=\"aligncenter wp-image-13612 size-large\" src=\"https:\/\/www.fundacionsancebrian.com\/portal\/wp-content\/uploads\/2025\/05\/Curso-de-monitor-2-Grande-724x1024.png\" alt=\"\" width=\"720\" height=\"1018\" srcset=\"https:\/\/www.fundacionsancebrian.com\/portal\/wp-content\/uploads\/2025\/05\/Curso-de-monitor-2-Grande-724x1024.png 724w, https:\/\/www.fundacionsancebrian.com\/portal\/wp-content\/uploads\/2025\/05\/Curso-de-monitor-2-Grande-212x300.png 212w, https:\/\/www.fundacionsancebrian.com\/portal\/wp-content\/uploads\/2025\/05\/Curso-de-monitor-2-Grande-768x1087.png 768w, https:\/\/www.fundacionsancebrian.com\/portal\/wp-content\/uploads\/2025\/05\/Curso-de-monitor-2-Grande.png 1080w\" sizes=\"(max-width: 720px) 100vw, 720px\" \/><\/p>\n<p><div class=\"su-spoiler su-spoiler-style-fancy su-spoiler-icon-caret su-spoiler-closed\" data-scroll-offset=\"0\" data-anchor-in-url=\"no\"><div class=\"su-spoiler-title\" tabindex=\"0\" role=\"button\"><span class=\"su-spoiler-icon\"><\/span>Requisitos e informaci\u00f3n<\/div><div class=\"su-spoiler-content su-u-clearfix su-u-trim\"><\/p>\n<h2><strong>Monitor\/a de tiempo libre\u00a0<\/strong><\/h2>\n<p>La titulaci\u00f3n se organiza en dos fases formativas, te\u00f3rica y pr\u00e1ctica, debiendo finalizar y estar evaluadas en el plazo de 24 meses a contar desde su inicio.<\/p>\n<p><strong>FASE FORMATIVA TE\u00d3RICA:<\/strong><br \/>\n150 horas.<\/p>\n<p><strong>FASE FORMATIVA DE PR\u00c1CTICAS NO LABORALES:<br \/>\n<\/strong>160 horas. Se realizar\u00e1 una vez superada la fase te\u00f3rica en alguna actividad de tiempo libre.<\/p>\n<p>En total\u00a0310 horas\u00a0de duraci\u00f3n.<\/p>\n<h2>M\u00f3dulos formativos:<\/h2>\n<p>El curso para la obtenci\u00f3n de la titulaci\u00f3n de monitor\/a de tiempo libre tendr\u00e1 la duraci\u00f3n y contenidos recogidos en el\u00a0<em>Real Decreto 1537\/2011, de 31 de octubre, por el que se establece el certificado de profesionalidad de dinamizaci\u00f3n de actividades<\/em>.<\/p>\n<p>M\u00f3dulos formativos:<\/p>\n<ul>\n<li>MF1866_2: Actividades de educaci\u00f3n en el tiempo libre infantil y juvenil. 60 horas.<\/li>\n<li>MF1867_2: Procesos grupales y educativos en el tiempo libre infantil y juvenil. 30 horas.<\/li>\n<li>MF1868_2: T\u00e9cnicas y recursos de animaci\u00f3n en actividades de tiempo libre. 60 horas.<\/li>\n<li>MP0270: M\u00f3dulo de pr\u00e1cticas profesionales no laborales de Dinamizaci\u00f3n de actividades de tiempo libre educativo infantil y juvenil. 160 horas.<\/li>\n<\/ul>\n<h2>Requisitos necesarios:<\/h2>\n<ul>\n<li>Tener cumplidos los 18 a\u00f1os a la fecha de inicio del curso y poseer como m\u00ednimo el t\u00edtulo de Graduado en Educaci\u00f3n Secundaria Obligatoria (ESO) o un t\u00edtulo equivalente.<\/li>\n<li>O certificado de profesionalidad o certificado de profesionalidad de nivel 2 de cualquier familia y \u00e1rea profesional.<\/li>\n<\/ul>\n<h2>Fechas de realizaci\u00f3n<\/h2>\n<p>Del 3 al 31 de julio de 2025 de 9:00 de la ma\u00f1ana a 15:00 horas de lunes a viernes.<\/p>\n<h2>Lugar realizaci\u00f3n<\/h2>\n<p>Palencia.<\/p>\n<h2>Matricula<\/h2>\n<p>195 \u20ac para inscripciones hasta del 2 al 20 de junio.<\/p>\n<p>235\u20ac desde el 23 al 27 de junio.<\/p>\n<p>Forma de pago: transferencia bancaria a la cuenta: <span data-teams=\"true\">ES05 2103 4532 5100 32067061 UNICAJA<\/span><\/p>\n<p>Las inscripciones deben ser con el formulario de esta misma p\u00e1gina.<\/p>\n<p>Consejo para enviar el DNI:<\/p>\n<p><a href=\"https:\/\/www.fundacionsancebrian.com\/portal\/wp-content\/uploads\/2023\/04\/1366_2000.jpg\"><img decoding=\"async\" class=\"aligncenter wp-image-10379 size-full\" src=\"https:\/\/www.fundacionsancebrian.com\/portal\/wp-content\/uploads\/2023\/04\/1366_2000.jpg\" alt=\"\" width=\"1366\" height=\"769\" srcset=\"https:\/\/www.fundacionsancebrian.com\/portal\/wp-content\/uploads\/2023\/04\/1366_2000.jpg 1366w, https:\/\/www.fundacionsancebrian.com\/portal\/wp-content\/uploads\/2023\/04\/1366_2000-300x169.jpg 300w, https:\/\/www.fundacionsancebrian.com\/portal\/wp-content\/uploads\/2023\/04\/1366_2000-1024x576.jpg 1024w, https:\/\/www.fundacionsancebrian.com\/portal\/wp-content\/uploads\/2023\/04\/1366_2000-768x432.jpg 768w, https:\/\/www.fundacionsancebrian.com\/portal\/wp-content\/uploads\/2023\/04\/1366_2000-600x338.jpg 600w\" sizes=\"(max-width: 1366px) 100vw, 1366px\" \/><\/a><\/p>\n<h2>ANULACION DE CURSO Y DEVOLUCI\u00d3N DE TASAS DE MATRICULA.<\/h2>\n<p>Si no hay un n\u00famero suficiente de personas inscritas en un curso la Escuela podr\u00e1 suspenderlo y devolver\u00e1 el importe total de la matr\u00edcula.<\/p>\n<p><\/div><\/div><\/p>\n<p><div class=\"su-spoiler su-spoiler-style-fancy su-spoiler-icon-caret su-spoiler-closed\" data-scroll-offset=\"0\" data-anchor-in-url=\"no\"><div class=\"su-spoiler-title\" tabindex=\"0\" role=\"button\"><span class=\"su-spoiler-icon\"><\/span>Formulario de inscripci\u00f3n<\/div><div class=\"su-spoiler-content su-u-clearfix su-u-trim\"><\/p>\n<p><div class=\"forminator-ui forminator-custom-form forminator-custom-form-13615 forminator-design--default  forminator_ajax\" data-forminator-render=\"0\" data-form=\"forminator-module-13615\" data-uid=\"6a96a5c40dff4\"><br\/><\/div><form\n\t\t\t\tid=\"forminator-module-13615\"\n\t\t\t\tclass=\"forminator-ui forminator-custom-form forminator-custom-form-13615 forminator-design--default  forminator_ajax\"\n\t\t\t\tmethod=\"post\"\n\t\t\t\tdata-forminator-render=\"0\"\n\t\t\t\tdata-form-id=\"13615\"\n\t\t\t\tenctype=\"multipart\/form-data\" data-color-option=\"default\" data-design=\"default\" data-grid=\"open\" style=\"display: none;\"\n\t\t\t\tdata-uid=\"6a96a5c40dff4\"\n\t\t\t><div role=\"alert\" aria-live=\"polite\" class=\"forminator-response-message forminator-error\" aria-hidden=\"true\"><\/div><div class=\"forminator-row\"><div id=\"section-4\" class=\"forminator-field-section forminator-col forminator-col-12 \"><div class=\"forminator-field\"><h2 class=\"forminator-title\">Datos personales<\/h2><\/div><\/div><\/div><div class=\"forminator-row\"><div id=\"name-1\" class=\"forminator-field-name forminator-col forminator-col-6 \"><div class=\"forminator-field\"><label for=\"forminator-field-name-1_6a96a5c40dff4\" id=\"forminator-field-name-1_6a96a5c40dff4-label\" class=\"forminator-label\">Nombre y apellidos <span class=\"forminator-required\">*<\/span><\/label><input type=\"text\" name=\"name-1\" value=\"\" placeholder=\"\" id=\"forminator-field-name-1_6a96a5c40dff4\" class=\"forminator-input forminator-name--field\" aria-required=\"true\" autocomplete=\"name\" \/><\/div><\/div><div id=\"text-5\" class=\"forminator-field-text forminator-col forminator-col-6 \"><div class=\"forminator-field\"><label for=\"forminator-field-text-5_6a96a5c40dff4\" id=\"forminator-field-text-5_6a96a5c40dff4-label\" class=\"forminator-label\">DNI <span class=\"forminator-required\">*<\/span><\/label><input type=\"text\" name=\"text-5\" value=\"\" placeholder=\"\" id=\"forminator-field-text-5_6a96a5c40dff4\" class=\"forminator-input forminator-name--field\" data-required=\"1\" \/><\/div><\/div><\/div><div class=\"forminator-row\"><div id=\"text-2\" class=\"forminator-field-text forminator-col forminator-col-4 \"><div class=\"forminator-field\"><label for=\"forminator-field-text-2_6a96a5c40dff4\" id=\"forminator-field-text-2_6a96a5c40dff4-label\" class=\"forminator-label\">Direcci\u00f3n <span class=\"forminator-required\">*<\/span><\/label><input type=\"text\" name=\"text-2\" value=\"\" placeholder=\"\" id=\"forminator-field-text-2_6a96a5c40dff4\" class=\"forminator-input forminator-name--field\" data-required=\"1\" \/><\/div><\/div><div id=\"text-4\" class=\"forminator-field-text forminator-col forminator-col-4 \"><div class=\"forminator-field\"><label for=\"forminator-field-text-4_6a96a5c40dff4\" id=\"forminator-field-text-4_6a96a5c40dff4-label\" class=\"forminator-label\">C\u00f3digo postal <span class=\"forminator-required\">*<\/span><\/label><input type=\"text\" name=\"text-4\" value=\"\" placeholder=\"\" id=\"forminator-field-text-4_6a96a5c40dff4\" class=\"forminator-input forminator-name--field\" data-required=\"1\" \/><\/div><\/div><div id=\"text-3\" class=\"forminator-field-text forminator-col forminator-col-4 \"><div class=\"forminator-field\"><label for=\"forminator-field-text-3_6a96a5c40dff4\" id=\"forminator-field-text-3_6a96a5c40dff4-label\" class=\"forminator-label\">Provincia <span class=\"forminator-required\">*<\/span><\/label><input type=\"text\" name=\"text-3\" value=\"\" placeholder=\"\" id=\"forminator-field-text-3_6a96a5c40dff4\" class=\"forminator-input forminator-name--field\" data-required=\"1\" \/><\/div><\/div><\/div><div class=\"forminator-row\"><div id=\"date-1\" class=\"forminator-field-date forminator-col forminator-col-6 \"><div class=\"forminator-field\"><label for=\"forminator-field-date-1-picker_6a96a5c40dff4\" id=\"forminator-field-date-1-picker_6a96a5c40dff4-label\" class=\"forminator-label\">Fecha de nacimiento <span class=\"forminator-required\">*<\/span><\/label><div class=\"forminator-input-with-icon\"><span class=\"forminator-icon-calendar\" aria-hidden=\"true\"><\/span><input autocomplete=\"off\" type=\"text\" size=\"1\" name=\"date-1\" value=\"\" placeholder=\"Elegir fecha\" id=\"forminator-field-date-1-picker_6a96a5c40dff4\" class=\"forminator-input forminator-datepicker\" data-required=\"1\" data-format=\"mm\/dd\/yy\" data-restrict-type=\"\" data-restrict=\"\" data-start-year=\"1926\" data-end-year=\"2126\" data-past-dates=\"enable\" data-start-of-week=\"1\" data-start-date=\"\" data-end-date=\"\" data-start-field=\"\" data-end-field=\"\" data-start-offset=\"\" data-end-offset=\"\" data-disable-date=\"\" data-disable-range=\"\" \/><\/div><\/div><\/div><div id=\"text-8\" class=\"forminator-field-text forminator-col forminator-col-6 \"><div class=\"forminator-field\"><label for=\"forminator-field-text-8_6a96a5c40dff4\" id=\"forminator-field-text-8_6a96a5c40dff4-label\" class=\"forminator-label\">Lugar de nacimiento <span class=\"forminator-required\">*<\/span><\/label><input type=\"text\" name=\"text-8\" value=\"\" placeholder=\"\" id=\"forminator-field-text-8_6a96a5c40dff4\" class=\"forminator-input forminator-name--field\" data-required=\"1\" \/><\/div><\/div><\/div><div class=\"forminator-row\"><div id=\"text-6\" class=\"forminator-field-text forminator-col forminator-col-4 \"><div class=\"forminator-field\"><label for=\"forminator-field-text-6_6a96a5c40dff4\" id=\"forminator-field-text-6_6a96a5c40dff4-label\" class=\"forminator-label\">Edad en el momento de la inscripci\u00f3n <span class=\"forminator-required\">*<\/span><\/label><input type=\"text\" name=\"text-6\" value=\"\" placeholder=\"\" id=\"forminator-field-text-6_6a96a5c40dff4\" class=\"forminator-input forminator-name--field\" data-required=\"1\" \/><\/div><\/div><div id=\"email-1\" class=\"forminator-field-email forminator-col forminator-col-4 \"><div class=\"forminator-field\"><label for=\"forminator-field-email-1_6a96a5c40dff4\" id=\"forminator-field-email-1_6a96a5c40dff4-label\" class=\"forminator-label\">Correo electr\u00f3nico <span class=\"forminator-required\">*<\/span><\/label><input type=\"email\" name=\"email-1\" value=\"\" placeholder=\"\" id=\"forminator-field-email-1_6a96a5c40dff4\" class=\"forminator-input forminator-email--field\" data-required=\"1\" aria-required=\"true\" autocomplete=\"email\" \/><\/div><\/div><div id=\"text-7\" class=\"forminator-field-text forminator-col forminator-col-4 \"><div class=\"forminator-field\"><label for=\"forminator-field-text-7_6a96a5c40dff4\" id=\"forminator-field-text-7_6a96a5c40dff4-label\" class=\"forminator-label\">Tel\u00e9fono <span class=\"forminator-required\">*<\/span><\/label><input type=\"text\" name=\"text-7\" value=\"\" placeholder=\"\" id=\"forminator-field-text-7_6a96a5c40dff4\" class=\"forminator-input forminator-name--field\" data-required=\"1\" \/><\/div><\/div><\/div><div class=\"forminator-row\"><div id=\"section-2\" class=\"forminator-field-section forminator-col forminator-col-12 \"><div class=\"forminator-field\"><h2 class=\"forminator-title\">Otros datos<\/h2><\/div><\/div><\/div><div class=\"forminator-row\"><div id=\"textarea-5\" class=\"forminator-field-textarea forminator-col forminator-col-12 \"><div class=\"forminator-field\"><label for=\"forminator-field-textarea-5_6a96a5c40dff4\" id=\"forminator-field-textarea-5_6a96a5c40dff4-label\" class=\"forminator-label\">Estudias o has estudiado...<\/label><textarea name=\"textarea-5\" placeholder=\"\" id=\"forminator-field-textarea-5_6a96a5c40dff4\" class=\"forminator-textarea\" style=\"--forminator-textarea-min-height:140px;\" ><\/textarea><\/div><\/div><\/div><div class=\"forminator-row\"><div id=\"textarea-6\" class=\"forminator-field-textarea forminator-col forminator-col-12 \"><div class=\"forminator-field\"><label for=\"forminator-field-textarea-6_6a96a5c40dff4\" id=\"forminator-field-textarea-6_6a96a5c40dff4-label\" class=\"forminator-label\">Cursos realizados de ocio y tiempo libre<\/label><textarea name=\"textarea-6\" placeholder=\"\" id=\"forminator-field-textarea-6_6a96a5c40dff4\" class=\"forminator-textarea\" style=\"--forminator-textarea-min-height:140px;\" ><\/textarea><\/div><\/div><\/div><div class=\"forminator-row\"><div id=\"textarea-7\" class=\"forminator-field-textarea forminator-col forminator-col-12 \"><div class=\"forminator-field\"><label for=\"forminator-field-textarea-7_6a96a5c40dff4\" id=\"forminator-field-textarea-7_6a96a5c40dff4-label\" class=\"forminator-label\">Experiencia como monitor, voluntario y\/o participante<\/label><textarea name=\"textarea-7\" placeholder=\"\" id=\"forminator-field-textarea-7_6a96a5c40dff4\" class=\"forminator-textarea\" style=\"--forminator-textarea-min-height:140px;\" ><\/textarea><\/div><\/div><\/div><div class=\"forminator-row\"><div id=\"textarea-8\" class=\"forminator-field-textarea forminator-col forminator-col-12 \"><div class=\"forminator-field\"><label for=\"forminator-field-textarea-8_6a96a5c40dff4\" id=\"forminator-field-textarea-8_6a96a5c40dff4-label\" class=\"forminator-label\">\u00bfComo te has enterado del curso?<\/label><textarea name=\"textarea-8\" placeholder=\"\" id=\"forminator-field-textarea-8_6a96a5c40dff4\" class=\"forminator-textarea\" style=\"--forminator-textarea-min-height:140px;\" ><\/textarea><\/div><\/div><\/div><div class=\"forminator-row\"><div id=\"section-3\" class=\"forminator-field-section forminator-col forminator-col-12 \"><div class=\"forminator-field\"><h2 class=\"forminator-title\">Documentos para adjuntar<\/h2><\/div><\/div><\/div><div class=\"forminator-row\"><div id=\"upload-2\" class=\"forminator-field-upload forminator-col forminator-col-12 \"><div class=\"forminator-field\"><label for=\"forminator-field-upload-2_6a96a5c40dff4\" id=\"forminator-field-upload-2_6a96a5c40dff4-label\" class=\"forminator-label\">DNI delantera <span class=\"forminator-required\">*<\/span><\/label><div class=\"forminator-file-upload \" data-element=\"upload-2_6a96a5c40dff4\"><input type=\"file\" name=\"upload-2\" id=\"forminator-field-upload-2_6a96a5c40dff4\" class=\"forminator-input-file-required do-validate\" accept=\".jpg,.jpeg,.jpe,.gif,.png,.bmp,.tiff,.tif,.webp,.ico,.heic,.asf,.asx,.wmv,.wmx,.wm,.avi,.divx,.flv,.mov,.qt,.mpeg,.mpg,.mpe,.mp4,.m4v,.ogv,.webm,.mkv,.3gp,.3gpp,.3g2,.3gp2,.txt,.asc,.c,.cc,.h,.srt,.csv,.tsv,.ics,.rtx,.vtt,.mp3,.m4a,.m4b,.aac,.ra,.ram,.wav,.ogg,.oga,.flac,.mid,.midi,.wma,.wax,.mka,.rtf,.pdf,.class,.tar,.zip,.gz,.gzip,.7z,.psd,.xcf,.doc,.pot,.pps,.ppt,.wri,.xla,.xls,.xlt,.xlw,.mdb,.mpp,.docx,.docm,.dotx,.dotm,.xlsx,.xlsm,.xlsb,.xltx,.xltm,.xlam,.pptx,.pptm,.ppsx,.ppsm,.potx,.potm,.ppam,.sldx,.sldm,.onetoc,.onetoc2,.onetmp,.onepkg,.oxps,.xps,.odt,.odp,.ods,.odg,.odc,.odb,.odf,.wp,.wpd,.key,.numbers,.pages,image\/jpeg,image\/gif,image\/png,image\/bmp,image\/tiff,image\/webp,image\/x-icon,image\/heic,video\/x-ms-asf,video\/x-ms-wmv,video\/x-ms-wmx,video\/x-ms-wm,video\/avi,video\/divx,video\/x-flv,video\/quicktime,video\/mpeg,video\/mp4,video\/ogg,video\/webm,video\/x-matroska,video\/3gpp,video\/3gpp2,text\/plain,text\/csv,text\/tab-separated-values,text\/calendar,text\/richtext,text\/vtt,audio\/mpeg,audio\/aac,audio\/x-realaudio,audio\/wav,audio\/ogg,audio\/flac,audio\/midi,audio\/x-ms-wma,audio\/x-ms-wax,audio\/x-matroska,application\/rtf,application\/pdf,application\/java,application\/x-tar,application\/zip,application\/x-gzip,application\/x-7z-compressed,application\/octet-stream,application\/msword,application\/vnd.ms-powerpoint,application\/vnd.ms-write,application\/vnd.ms-excel,application\/vnd.ms-access,application\/vnd.ms-project,application\/vnd.openxmlformats-officedocument.wordprocessingml.document,application\/vnd.ms-word.document.macroEnabled.12,application\/vnd.openxmlformats-officedocument.wordprocessingml.template,application\/vnd.ms-word.template.macroEnabled.12,application\/vnd.openxmlformats-officedocument.spreadsheetml.sheet,application\/vnd.ms-excel.sheet.macroEnabled.12,application\/vnd.ms-excel.sheet.binary.macroEnabled.12,application\/vnd.openxmlformats-officedocument.spreadsheetml.template,application\/vnd.ms-excel.template.macroEnabled.12,application\/vnd.ms-excel.addin.macroEnabled.12,application\/vnd.openxmlformats-officedocument.presentationml.presentation,application\/vnd.ms-powerpoint.presentation.macroEnabled.12,application\/vnd.openxmlformats-officedocument.presentationml.slideshow,application\/vnd.ms-powerpoint.slideshow.macroEnabled.12,application\/vnd.openxmlformats-officedocument.presentationml.template,application\/vnd.ms-powerpoint.template.macroEnabled.12,application\/vnd.ms-powerpoint.addin.macroEnabled.12,application\/vnd.openxmlformats-officedocument.presentationml.slide,application\/vnd.ms-powerpoint.slide.macroEnabled.12,application\/onenote,application\/oxps,application\/vnd.ms-xpsdocument,application\/vnd.oasis.opendocument.text,application\/vnd.oasis.opendocument.presentation,application\/vnd.oasis.opendocument.spreadsheet,application\/vnd.oasis.opendocument.graphics,application\/vnd.oasis.opendocument.chart,application\/vnd.oasis.opendocument.database,application\/vnd.oasis.opendocument.formula,application\/wordperfect,application\/vnd.apple.keynote,application\/vnd.apple.numbers,application\/vnd.apple.pages\" tabindex=\"-1\"><button id=\"forminator-field-upload-2_6a96a5c40dff4_button\" class=\"forminator-button forminator-button-upload\" data-id=\"forminator-field-upload-2_6a96a5c40dff4\">Elegir archivo<\/button><span data-empty-text=\"Ning\u00fan archivo seleccionado\">Ning\u00fan archivo seleccionado<\/span><button class=\"forminator-button-delete\" style=\"display: none;\"><i class=\"forminator-icon-close\" aria-hidden=\"true\"><\/i><span class=\"forminator-screen-reader-only\">Eliminar el archivo subido<\/span><\/button><\/div><\/div><\/div><\/div><div class=\"forminator-row\"><div id=\"upload-3\" class=\"forminator-field-upload forminator-col forminator-col-12 \"><div class=\"forminator-field\"><label for=\"forminator-field-upload-3_6a96a5c40dff4\" id=\"forminator-field-upload-3_6a96a5c40dff4-label\" class=\"forminator-label\">DNI trasera <span class=\"forminator-required\">*<\/span><\/label><div class=\"forminator-file-upload \" data-element=\"upload-3_6a96a5c40dff4\"><input type=\"file\" name=\"upload-3\" id=\"forminator-field-upload-3_6a96a5c40dff4\" class=\"forminator-input-file-required do-validate\" accept=\".jpg,.jpeg,.jpe,.gif,.png,.bmp,.tiff,.tif,.webp,.ico,.heic,.asf,.asx,.wmv,.wmx,.wm,.avi,.divx,.flv,.mov,.qt,.mpeg,.mpg,.mpe,.mp4,.m4v,.ogv,.webm,.mkv,.3gp,.3gpp,.3g2,.3gp2,.txt,.asc,.c,.cc,.h,.srt,.csv,.tsv,.ics,.rtx,.vtt,.mp3,.m4a,.m4b,.aac,.ra,.ram,.wav,.ogg,.oga,.flac,.mid,.midi,.wma,.wax,.mka,.rtf,.pdf,.class,.tar,.zip,.gz,.gzip,.7z,.psd,.xcf,.doc,.pot,.pps,.ppt,.wri,.xla,.xls,.xlt,.xlw,.mdb,.mpp,.docx,.docm,.dotx,.dotm,.xlsx,.xlsm,.xlsb,.xltx,.xltm,.xlam,.pptx,.pptm,.ppsx,.ppsm,.potx,.potm,.ppam,.sldx,.sldm,.onetoc,.onetoc2,.onetmp,.onepkg,.oxps,.xps,.odt,.odp,.ods,.odg,.odc,.odb,.odf,.wp,.wpd,.key,.numbers,.pages,image\/jpeg,image\/gif,image\/png,image\/bmp,image\/tiff,image\/webp,image\/x-icon,image\/heic,video\/x-ms-asf,video\/x-ms-wmv,video\/x-ms-wmx,video\/x-ms-wm,video\/avi,video\/divx,video\/x-flv,video\/quicktime,video\/mpeg,video\/mp4,video\/ogg,video\/webm,video\/x-matroska,video\/3gpp,video\/3gpp2,text\/plain,text\/csv,text\/tab-separated-values,text\/calendar,text\/richtext,text\/vtt,audio\/mpeg,audio\/aac,audio\/x-realaudio,audio\/wav,audio\/ogg,audio\/flac,audio\/midi,audio\/x-ms-wma,audio\/x-ms-wax,audio\/x-matroska,application\/rtf,application\/pdf,application\/java,application\/x-tar,application\/zip,application\/x-gzip,application\/x-7z-compressed,application\/octet-stream,application\/msword,application\/vnd.ms-powerpoint,application\/vnd.ms-write,application\/vnd.ms-excel,application\/vnd.ms-access,application\/vnd.ms-project,application\/vnd.openxmlformats-officedocument.wordprocessingml.document,application\/vnd.ms-word.document.macroEnabled.12,application\/vnd.openxmlformats-officedocument.wordprocessingml.template,application\/vnd.ms-word.template.macroEnabled.12,application\/vnd.openxmlformats-officedocument.spreadsheetml.sheet,application\/vnd.ms-excel.sheet.macroEnabled.12,application\/vnd.ms-excel.sheet.binary.macroEnabled.12,application\/vnd.openxmlformats-officedocument.spreadsheetml.template,application\/vnd.ms-excel.template.macroEnabled.12,application\/vnd.ms-excel.addin.macroEnabled.12,application\/vnd.openxmlformats-officedocument.presentationml.presentation,application\/vnd.ms-powerpoint.presentation.macroEnabled.12,application\/vnd.openxmlformats-officedocument.presentationml.slideshow,application\/vnd.ms-powerpoint.slideshow.macroEnabled.12,application\/vnd.openxmlformats-officedocument.presentationml.template,application\/vnd.ms-powerpoint.template.macroEnabled.12,application\/vnd.ms-powerpoint.addin.macroEnabled.12,application\/vnd.openxmlformats-officedocument.presentationml.slide,application\/vnd.ms-powerpoint.slide.macroEnabled.12,application\/onenote,application\/oxps,application\/vnd.ms-xpsdocument,application\/vnd.oasis.opendocument.text,application\/vnd.oasis.opendocument.presentation,application\/vnd.oasis.opendocument.spreadsheet,application\/vnd.oasis.opendocument.graphics,application\/vnd.oasis.opendocument.chart,application\/vnd.oasis.opendocument.database,application\/vnd.oasis.opendocument.formula,application\/wordperfect,application\/vnd.apple.keynote,application\/vnd.apple.numbers,application\/vnd.apple.pages\" tabindex=\"-1\"><button id=\"forminator-field-upload-3_6a96a5c40dff4_button\" class=\"forminator-button forminator-button-upload\" data-id=\"forminator-field-upload-3_6a96a5c40dff4\">Elegir archivo<\/button><span data-empty-text=\"Ning\u00fan archivo seleccionado\">Ning\u00fan archivo seleccionado<\/span><button class=\"forminator-button-delete\" style=\"display: none;\"><i class=\"forminator-icon-close\" aria-hidden=\"true\"><\/i><span class=\"forminator-screen-reader-only\">Eliminar el archivo subido<\/span><\/button><\/div><\/div><\/div><\/div><div class=\"forminator-row\"><div id=\"upload-1\" class=\"forminator-field-upload forminator-col forminator-col-12 \"><div class=\"forminator-field\"><label for=\"forminator-field-upload-1_6a96a5c40dff4\" id=\"forminator-field-upload-1_6a96a5c40dff4-label\" class=\"forminator-label\">Comprobante de pago <span class=\"forminator-required\">*<\/span><\/label><div class=\"forminator-file-upload \" data-element=\"upload-1_6a96a5c40dff4\"><input type=\"file\" name=\"upload-1\" id=\"forminator-field-upload-1_6a96a5c40dff4\" class=\"forminator-input-file-required do-validate\" accept=\".jpg,.jpeg,.jpe,.gif,.png,.bmp,.tiff,.tif,.webp,.ico,.heic,.asf,.asx,.wmv,.wmx,.wm,.avi,.divx,.flv,.mov,.qt,.mpeg,.mpg,.mpe,.mp4,.m4v,.ogv,.webm,.mkv,.3gp,.3gpp,.3g2,.3gp2,.txt,.asc,.c,.cc,.h,.srt,.csv,.tsv,.ics,.rtx,.vtt,.mp3,.m4a,.m4b,.aac,.ra,.ram,.wav,.ogg,.oga,.flac,.mid,.midi,.wma,.wax,.mka,.rtf,.pdf,.class,.tar,.zip,.gz,.gzip,.7z,.psd,.xcf,.doc,.pot,.pps,.ppt,.wri,.xla,.xls,.xlt,.xlw,.mdb,.mpp,.docx,.docm,.dotx,.dotm,.xlsx,.xlsm,.xlsb,.xltx,.xltm,.xlam,.pptx,.pptm,.ppsx,.ppsm,.potx,.potm,.ppam,.sldx,.sldm,.onetoc,.onetoc2,.onetmp,.onepkg,.oxps,.xps,.odt,.odp,.ods,.odg,.odc,.odb,.odf,.wp,.wpd,.key,.numbers,.pages,image\/jpeg,image\/gif,image\/png,image\/bmp,image\/tiff,image\/webp,image\/x-icon,image\/heic,video\/x-ms-asf,video\/x-ms-wmv,video\/x-ms-wmx,video\/x-ms-wm,video\/avi,video\/divx,video\/x-flv,video\/quicktime,video\/mpeg,video\/mp4,video\/ogg,video\/webm,video\/x-matroska,video\/3gpp,video\/3gpp2,text\/plain,text\/csv,text\/tab-separated-values,text\/calendar,text\/richtext,text\/vtt,audio\/mpeg,audio\/aac,audio\/x-realaudio,audio\/wav,audio\/ogg,audio\/flac,audio\/midi,audio\/x-ms-wma,audio\/x-ms-wax,audio\/x-matroska,application\/rtf,application\/pdf,application\/java,application\/x-tar,application\/zip,application\/x-gzip,application\/x-7z-compressed,application\/octet-stream,application\/msword,application\/vnd.ms-powerpoint,application\/vnd.ms-write,application\/vnd.ms-excel,application\/vnd.ms-access,application\/vnd.ms-project,application\/vnd.openxmlformats-officedocument.wordprocessingml.document,application\/vnd.ms-word.document.macroEnabled.12,application\/vnd.openxmlformats-officedocument.wordprocessingml.template,application\/vnd.ms-word.template.macroEnabled.12,application\/vnd.openxmlformats-officedocument.spreadsheetml.sheet,application\/vnd.ms-excel.sheet.macroEnabled.12,application\/vnd.ms-excel.sheet.binary.macroEnabled.12,application\/vnd.openxmlformats-officedocument.spreadsheetml.template,application\/vnd.ms-excel.template.macroEnabled.12,application\/vnd.ms-excel.addin.macroEnabled.12,application\/vnd.openxmlformats-officedocument.presentationml.presentation,application\/vnd.ms-powerpoint.presentation.macroEnabled.12,application\/vnd.openxmlformats-officedocument.presentationml.slideshow,application\/vnd.ms-powerpoint.slideshow.macroEnabled.12,application\/vnd.openxmlformats-officedocument.presentationml.template,application\/vnd.ms-powerpoint.template.macroEnabled.12,application\/vnd.ms-powerpoint.addin.macroEnabled.12,application\/vnd.openxmlformats-officedocument.presentationml.slide,application\/vnd.ms-powerpoint.slide.macroEnabled.12,application\/onenote,application\/oxps,application\/vnd.ms-xpsdocument,application\/vnd.oasis.opendocument.text,application\/vnd.oasis.opendocument.presentation,application\/vnd.oasis.opendocument.spreadsheet,application\/vnd.oasis.opendocument.graphics,application\/vnd.oasis.opendocument.chart,application\/vnd.oasis.opendocument.database,application\/vnd.oasis.opendocument.formula,application\/wordperfect,application\/vnd.apple.keynote,application\/vnd.apple.numbers,application\/vnd.apple.pages\" tabindex=\"-1\"><button id=\"forminator-field-upload-1_6a96a5c40dff4_button\" class=\"forminator-button forminator-button-upload\" data-id=\"forminator-field-upload-1_6a96a5c40dff4\">Elegir archivo<\/button><span data-empty-text=\"Ning\u00fan archivo seleccionado\">Ning\u00fan archivo seleccionado<\/span><button class=\"forminator-button-delete\" style=\"display: none;\"><i class=\"forminator-icon-close\" aria-hidden=\"true\"><\/i><span class=\"forminator-screen-reader-only\">Eliminar el archivo subido<\/span><\/button><\/div><\/div><\/div><\/div><div class=\"forminator-row\"><div id=\"radio-1\" class=\"forminator-field-radio forminator-col forminator-col-12 \"><div role=\"radiogroup\" class=\"forminator-field\" aria-labelledby=\"forminator-radiogroup-radio-1-6a96a5c40dff4-label\"><span id=\"forminator-radiogroup-radio-1-6a96a5c40dff4-label\" class=\"forminator-label\">Elige un requisito. Debes adjuntar el comprobante a continuaci\u00f3n. <span class=\"forminator-required\">*<\/span><\/span><label id=\"forminator-field-radio-1-label-1\" for=\"forminator-field-radio-1-1-6a96a5c40dff4\" class=\"forminator-radio\" title=\"Estar en posesi\u00f3n del T\u00edtulo de Graduado en Educaci\u00f3n Secundaria Obligatoria.\"><input type=\"radio\" name=\"radio-1\" value=\"one\" id=\"forminator-field-radio-1-1-6a96a5c40dff4\" aria-labelledby=\"forminator-field-radio-1-label-1\" data-calculation=\"0\"   data-hidden-behavior=\"zero\"\/><span class=\"forminator-radio-bullet\" aria-hidden=\"true\"><\/span><span class=\"forminator-radio-label\">Estar en posesi\u00f3n del T\u00edtulo de Graduado en Educaci\u00f3n Secundaria Obligatoria.<\/span><\/label><label id=\"forminator-field-radio-1-label-2\" for=\"forminator-field-radio-1-2-6a96a5c40dff4\" class=\"forminator-radio\" title=\"Estar en posesi\u00f3n de un certificado de profesionalidad de nivel 2.\"><input type=\"radio\" name=\"radio-1\" value=\"two\" id=\"forminator-field-radio-1-2-6a96a5c40dff4\" aria-labelledby=\"forminator-field-radio-1-label-2\" data-calculation=\"0\"   data-hidden-behavior=\"zero\"\/><span class=\"forminator-radio-bullet\" aria-hidden=\"true\"><\/span><span class=\"forminator-radio-label\">Estar en posesi\u00f3n de un certificado de profesionalidad de nivel 2.<\/span><\/label><\/div><\/div><\/div><div class=\"forminator-row\"><div id=\"upload-4\" class=\"forminator-field-upload forminator-col forminator-col-12 \"><div class=\"forminator-field\"><label for=\"forminator-field-upload-4_6a96a5c40dff4\" id=\"forminator-field-upload-4_6a96a5c40dff4-label\" class=\"forminator-label\">Adjuntar al menos uno de los requisitos <span class=\"forminator-required\">*<\/span><\/label><div class=\"forminator-file-upload \" data-element=\"upload-4_6a96a5c40dff4\"><input type=\"file\" name=\"upload-4\" id=\"forminator-field-upload-4_6a96a5c40dff4\" class=\"forminator-input-file-required do-validate\" accept=\".jpg,.jpeg,.jpe,.gif,.png,.bmp,.tiff,.tif,.webp,.ico,.heic,.asf,.asx,.wmv,.wmx,.wm,.avi,.divx,.flv,.mov,.qt,.mpeg,.mpg,.mpe,.mp4,.m4v,.ogv,.webm,.mkv,.3gp,.3gpp,.3g2,.3gp2,.txt,.asc,.c,.cc,.h,.srt,.csv,.tsv,.ics,.rtx,.vtt,.mp3,.m4a,.m4b,.aac,.ra,.ram,.wav,.ogg,.oga,.flac,.mid,.midi,.wma,.wax,.mka,.rtf,.pdf,.class,.tar,.zip,.gz,.gzip,.7z,.psd,.xcf,.doc,.pot,.pps,.ppt,.wri,.xla,.xls,.xlt,.xlw,.mdb,.mpp,.docx,.docm,.dotx,.dotm,.xlsx,.xlsm,.xlsb,.xltx,.xltm,.xlam,.pptx,.pptm,.ppsx,.ppsm,.potx,.potm,.ppam,.sldx,.sldm,.onetoc,.onetoc2,.onetmp,.onepkg,.oxps,.xps,.odt,.odp,.ods,.odg,.odc,.odb,.odf,.wp,.wpd,.key,.numbers,.pages,image\/jpeg,image\/gif,image\/png,image\/bmp,image\/tiff,image\/webp,image\/x-icon,image\/heic,video\/x-ms-asf,video\/x-ms-wmv,video\/x-ms-wmx,video\/x-ms-wm,video\/avi,video\/divx,video\/x-flv,video\/quicktime,video\/mpeg,video\/mp4,video\/ogg,video\/webm,video\/x-matroska,video\/3gpp,video\/3gpp2,text\/plain,text\/csv,text\/tab-separated-values,text\/calendar,text\/richtext,text\/vtt,audio\/mpeg,audio\/aac,audio\/x-realaudio,audio\/wav,audio\/ogg,audio\/flac,audio\/midi,audio\/x-ms-wma,audio\/x-ms-wax,audio\/x-matroska,application\/rtf,application\/pdf,application\/java,application\/x-tar,application\/zip,application\/x-gzip,application\/x-7z-compressed,application\/octet-stream,application\/msword,application\/vnd.ms-powerpoint,application\/vnd.ms-write,application\/vnd.ms-excel,application\/vnd.ms-access,application\/vnd.ms-project,application\/vnd.openxmlformats-officedocument.wordprocessingml.document,application\/vnd.ms-word.document.macroEnabled.12,application\/vnd.openxmlformats-officedocument.wordprocessingml.template,application\/vnd.ms-word.template.macroEnabled.12,application\/vnd.openxmlformats-officedocument.spreadsheetml.sheet,application\/vnd.ms-excel.sheet.macroEnabled.12,application\/vnd.ms-excel.sheet.binary.macroEnabled.12,application\/vnd.openxmlformats-officedocument.spreadsheetml.template,application\/vnd.ms-excel.template.macroEnabled.12,application\/vnd.ms-excel.addin.macroEnabled.12,application\/vnd.openxmlformats-officedocument.presentationml.presentation,application\/vnd.ms-powerpoint.presentation.macroEnabled.12,application\/vnd.openxmlformats-officedocument.presentationml.slideshow,application\/vnd.ms-powerpoint.slideshow.macroEnabled.12,application\/vnd.openxmlformats-officedocument.presentationml.template,application\/vnd.ms-powerpoint.template.macroEnabled.12,application\/vnd.ms-powerpoint.addin.macroEnabled.12,application\/vnd.openxmlformats-officedocument.presentationml.slide,application\/vnd.ms-powerpoint.slide.macroEnabled.12,application\/onenote,application\/oxps,application\/vnd.ms-xpsdocument,application\/vnd.oasis.opendocument.text,application\/vnd.oasis.opendocument.presentation,application\/vnd.oasis.opendocument.spreadsheet,application\/vnd.oasis.opendocument.graphics,application\/vnd.oasis.opendocument.chart,application\/vnd.oasis.opendocument.database,application\/vnd.oasis.opendocument.formula,application\/wordperfect,application\/vnd.apple.keynote,application\/vnd.apple.numbers,application\/vnd.apple.pages\" tabindex=\"-1\"><button id=\"forminator-field-upload-4_6a96a5c40dff4_button\" class=\"forminator-button forminator-button-upload\" data-id=\"forminator-field-upload-4_6a96a5c40dff4\">Elegir archivo<\/button><span data-empty-text=\"Ning\u00fan archivo seleccionado\">Ning\u00fan archivo seleccionado<\/span><button class=\"forminator-button-delete\" style=\"display: none;\"><i class=\"forminator-icon-close\" aria-hidden=\"true\"><\/i><span class=\"forminator-screen-reader-only\">Eliminar el archivo subido<\/span><\/button><\/div><\/div><\/div><\/div><div class=\"forminator-row\"><div id=\"captcha-1\" class=\"forminator-field-captcha forminator-col forminator-col-12 \"><div class=\"forminator-captcha-left forminator-g-recaptcha\" data-theme=\"light\"  data-sitekey=\"6Ldk_uIlAAAAANlY3b7t8JQTPo_3EyyQzLMVYxdb\" data-size=\"normal\"><\/div> <\/div><\/div><input type=\"hidden\" name=\"referer_url\" value=\"\" \/><div class=\"forminator-row forminator-row-last\"><div class=\"forminator-col\"><div class=\"forminator-field\"><button class=\"forminator-button forminator-button-submit\">Enviar mensaje<\/button><\/div><\/div><\/div><input type=\"hidden\" id=\"forminator_nonce\" name=\"forminator_nonce\" value=\"903f3d7ca0\" \/><input type=\"hidden\" name=\"_wp_http_referer\" value=\"\/portal\/wp-json\/wp\/v2\/pages\/189\" \/><input type=\"hidden\" name=\"form_id\" value=\"13615\"><input type=\"hidden\" name=\"page_id\" value=\"189\"><input type=\"hidden\" name=\"form_type\" value=\"default\"><input type=\"hidden\" name=\"current_url\" value=\"https:\/\/www.fundacionsancebrian.com\/portal\/escuela-de-animacion-puntos-suspensivos\/\"><input type=\"hidden\" name=\"render_id\" value=\"0\"><input type=\"hidden\" name=\"action\" value=\"forminator_submit_form_custom-forms\"><\/form><\/p>\n<p><\/div><\/div><\/p>\n<p><div class=\"su-spoiler su-spoiler-style-fancy su-spoiler-icon-caret su-spoiler-closed\" data-scroll-offset=\"0\" data-anchor-in-url=\"no\"><div class=\"su-spoiler-title\" tabindex=\"0\" role=\"button\"><span class=\"su-spoiler-icon\"><\/span>Proteccion de datos y comprimisos<\/div><div class=\"su-spoiler-content su-u-clearfix su-u-trim\"><\/p>\n<h2>LEY DE PROTECCI\u00d3N DE DATOS<\/h2>\n<p>Debido a la entrada en vigor del nuevo Reglamento General de Protecci\u00f3n de Datos 2016\/679 25 de mayo de 2018, es necesario su consentimiento expreso para el tratamiento de sus datos personales.<\/p>\n<p>Le informamos de que la Fundaci\u00f3n San Cebri\u00e1n, siempre est\u00e1 en la mejora continua en la protecci\u00f3n de los datos personales y como resultado de la misma, le informamos que debe conocer acerca del tratamiento de sus datos personales:<\/p>\n<p>\u00b7 Responsable del tratamiento: FUNDACI\u00d3N SAN CEBRIAN<\/p>\n<p>\u00b7 Datos de contacto: FUNDACI\u00d3N SAN CEBRIAN Plaza Juan XXIII n\u00ba 5 bj 34005 PALENCIA. 979706954, e.sanchez@fundacionsancebrian.com, asunto RGPD.<\/p>\n<p>\u00b7 Base para el tratamiento: consentimiento del titular de los datos.<\/p>\n<p>\u00b7 Tratamiento para el que se requiere su consentimiento: Conceder a nuestra organizaci\u00f3n, permiso para utilizar todos aquellos materiales fotogr\u00e1ficos de cualquier tipo en los que permanezcan participantes, para promoci\u00f3n o publicidad de sus programas. Los datos personales pasar\u00e1n a formar parte de una base de datos de uso privado y exclusivo que se utilizar\u00e1 \u00fanica y exclusivamente para dar a conocer sus actividades, cursos, promociones u otro tipo de informaci\u00f3n futura referente a la actividad. Autorizo a la realizaci\u00f3n de fotograf\u00edas durante el proceso formativo y su posible publicaci\u00f3n en redes sociales, web o publicaciones del \u00e1mbito relacionado con el sector.<\/p>\n<p>\u00b7 Destinatarios: no se ceder\u00e1n los datos a terceros ajenos al Grupo de la Fundaci\u00f3n San Cebri\u00e1n.<\/p>\n<p>\u00b7 Sus datos se conservar\u00e1n durante 6 a\u00f1os una vez finalizada nuestra relaci\u00f3n o hasta que usted nos solicite que desea dejar de recibir informaci\u00f3n de la Escuela de Animaci\u00f3n.<\/p>\n<p>Le informamos tambi\u00e9n que podr\u00e1 ejercer sus derechos de acceso, rectificaci\u00f3n, cancelaci\u00f3n, oposici\u00f3n, limitaci\u00f3n y portabilidad mediante comunicaci\u00f3n escrita dirigida al Responsable del tratamiento con la referencia RGPD FUNDACI\u00d3N SAN CEBRI\u00c1N, para que podamos atender correctamente el ejercicio de sus derechos. Su solicitud deber\u00e1 ir acompa\u00f1ada de fotocopia del DNI, petici\u00f3n en la que se concreta su solicitud, direcci\u00f3n a efectos de notificaciones, fecha y firma del solicitante y los documentos acreditativos de la petici\u00f3n, en su caso, tambi\u00e9n le recordamos, su derecho a presentar una reclamaci\u00f3n ante la Agencia Espa\u00f1ola de Protecci\u00f3n de Datos si considera que el tratamiento de datos no es acorde a la normativa legal. Mientras no nos comunique lo contrario, entendemos que sus datos no han sido modificados y que usted se compromete a notificarnos cualquier variaci\u00f3n.<\/p>\n<p>Desde la FUNDACI\u00d3N SAN CEBRIAN y la ESCUELA DE ANIMACI\u00d3N PUNTOS SUSPENSIVOS, solicitamos su autorizaci\u00f3n<\/p>\n<p>o SI DESEO RECIBIR COMUNICACI\u00d3N DE FUNDACION SAN CEBRIAN (ESCUELA DE ANIMACI\u00d3N. )<\/p>\n<p>o NO DESEO RECIBIR COMUNICACI\u00d3N DE FUNDACION SAN CEBRIAN (ESCUELA DE ANIMACI\u00d3N.)<\/p>\n<h2>COMPROMISOS ESCUELA Y ALUMNOS REALIZACI\u00d3N DEL CURSO.<\/h2>\n<p>La escuela se compromete a:<\/p>\n<p>Facilitar al alumno en n\u00famero de horas o de actividades formativas las suficientes para poder completar la fase te\u00f3rica mediante plataformas virtuales.<\/p>\n<p>Facilitar un lugar de pr\u00e1cticas los cuatro meses siguientes a la finalizaci\u00f3n de la parte te\u00f3rica.<\/p>\n<p>Realizar tr\u00e1mites administrativos y de gesti\u00f3n para la obtenci\u00f3n del titulo del alumno\/, pagar tasas del alumno\/a.<\/p>\n<p>El alumno se compromete a:<\/p>\n<p>Entregar, en el plazo estipulado, la documentaci\u00f3n acreditativa de sus datos personales, formaci\u00f3n y\/o experiencia, comprometi\u00e9ndose a la veracidad de la misma.<\/p>\n<p>El alumno se compromete a realizar las tareas del \u201caula virtual\u201d indicado por la escuela para evaluar su aprovechamiento y as\u00ed completar la acci\u00f3n formativa del alumno.<\/p>\n<p>Asistir a las clases presenciales directas y presenciales telem\u00e1ticas, (100 horas) la asistencia a las clases presenciales es obligatoria, en casos excepcionales y siempre que se justifique debidamente el alumno podr\u00e1 ausentarse, no pudiendo faltar un m\u00e1s 10% de las horas.<\/p>\n<p>Completar los trabajos de las 50 horas a distancia en el plazo establecido por la escuela. En caso de insuficiencia o falta de estos trabajos, la escuela podr\u00e1 derogar el derecho a la calificaci\u00f3n del alumno.<\/p>\n<p>Motivos que causan p\u00e9rdida de derecho de evaluaci\u00f3n en cada m\u00f3dulo, falta de asistencia, aunque sea justificada, del m\u00e1s del 25% del tiempo del m\u00f3dulo, falta de presentaci\u00f3n de los trabajos propuestos.<\/p>\n<p>Informar y notificar por escrito de la baja en el curso y del motivo de la misma<\/p>\n<p>Respetar la propiedad intelectual de los materiales did\u00e1cticos entregados, reconociendo que cualquier acci\u00f3n de reproducci\u00f3n, distribuci\u00f3n o transformaci\u00f3n de dicho material por cualquier medio sin que haya sido autorizada, puede constituir un delito contra la propiedad intelectual.<\/p>\n<p>A buscarse una entidad\/actividad donde realizar sus pr\u00e1cticas si no las puede realizar en las entidades propuestas por la escuela de animaci\u00f3n Puntos Suspensivos, en los cuatro meses siguientes a la finalizaci\u00f3n del curso te\u00f3rico, sin haber acabado la parte te\u00f3rica no se pueden realizar las pr\u00e1cticas.<\/p>\n<p><\/div><\/div><\/p>\n<\/div><div id=\"\" class=\"lsow-tab-pane\"><h1>Certificado de delitos de naturaleza sexual<\/h1>\n<hr \/>\n<p><img loading=\"lazy\" decoding=\"async\" class=\"size-full wp-image-7246 alignright\" src=\"http:\/\/www.fundacionsancebrian.com\/portal\/wp-content\/uploads\/2020\/11\/logo_ministerio.jpg\" alt=\"\" width=\"256\" height=\"72\" \/>El certificado de Delitos de Naturaleza Sexual, seg\u00fan la normativa espa\u00f1ola, es el\u00a0<strong>\u00fanico certificado<\/strong>\u00a0que se expide para trabajar habitualmente con menores. Todas los monitores y coordinadores si trabajamos con menores, debemos solicitar\u00a0dicho certificado, a trav\u00e9s de la p\u00e1gina oficial del\u00a0<a href=\"http:\/\/www.mjusticia.gob.es\/cs\/Satellite\/Portal\/es\/ciudadanos\/tramites-gestiones-personales\/certificado-delitos\">Ministerio de Justicia<\/a><\/p>\n<p>Para realizar este tr\u00e1mite es necesario estar registrado en el sistema\u00a0<a class=\"enlaceAviso enlacePantallaNueva\" title=\"Atenci\u00f3n, va a salir de la Sede Electr\u00f3nica del Ministerio de Justicia\" href=\"http:\/\/clave.gob.es\/clave_Home\/registro\/Como-puedo-registrarme.html\" target=\"blank\" rel=\"noopener noreferrer\">Cl@ve<\/a>\u00a0o disponer de uno de los distintos certificados electr\u00f3nicos de la plataforma @firma, como son el certificado de la\u00a0<a class=\"enlaceAviso enlacePantallaNueva\" title=\"Atenci\u00f3n, va a salir de la Sede Electr\u00f3nica del Ministerio de Justicia\" href=\"https:\/\/www.sede.fnmt.gob.es\/certificados\/persona-fisica\" target=\"blank\" rel=\"noopener noreferrer\">FNMT<\/a>, o el DNI-e. Si no dispone de uno de estos certificados, puede realizar la solicitud a trav\u00e9s de internet y posteriormente acudir a la oficina m\u00e1s cercana a su domicilio para acreditar su identidad. Localice la oficina m\u00e1s cercana de la FNMT (<a class=\"enlaceAviso enlacePantallaNueva\" title=\"Atenci\u00f3n, va a salir de la Sede Electr\u00f3nica del Ministerio de Justicia\" href=\"https:\/\/1-dot-fnmttest.appspot.com\/\" target=\"blank\" rel=\"noopener noreferrer\">buscador de la FNMT<\/a>) o de la red de oficinas del Registro Cl@ve en:<\/p>\n<p>El certificado es completamente gratuito y puedes disponer de \u00e9l, en un solo d\u00eda.<\/p>\n<h1>Somos una escuela adherida al\u00a0 Dec\u00e1logo de Buenas Pr\u00e1cticas para la Formaci\u00f3n en el Tiempo Libre<\/h1>\n<hr \/>\n<p>\"Dec\u00e1logo de Buenas Pr\u00e1cticas para la Formaci\u00f3n en el Tiempo Libre\". Desde el Instituto de la Juventud de Castilla y Le\u00f3n en acuerdo con la Junta directiva de ESOTIL (Asociaci\u00f3n de Entidades de Servicios de Ocio Educativo y Tiempo Libre de Castilla y Le\u00f3n) se ha consensuado un texto de referencia que servir\u00e1 inicialmente de modelo de control de calidad de la formaci\u00f3n, que sobre las titulaciones de tiempo libre se est\u00e1 produciendo en estos momentos extraordinarios.<\/p>\n<p><a href=\"http:\/\/www.fundacionsancebrian.com\/portal\/wp-content\/uploads\/2020\/05\/ESCUELASADHERIDASDECALOGOBUENASPR%C3%81CTICASact12-05-20.pdf\">Escuelas adheridas<\/a><\/p>\n<\/div><div id=\"\" class=\"lsow-tab-pane\"><h1>Google Classroom<\/h1>\n<hr \/>\n<p><a href=\"http:\/\/www.fundacionsancebrian.com\/portal\/wp-content\/uploads\/2020\/11\/Registro-en-google.pdf\"><div class=\"su-service\"><div class=\"su-service-title\" style=\"padding-left:62px;min-height:48px;line-height:48px\"><img loading=\"lazy\" decoding=\"async\" src=\"http:\/\/www.fundacionsancebrian.com\/portal\/wp-content\/uploads\/2020\/11\/google.png\" width=\"48\" height=\"48\" alt=\"Registro en Google con otras cuentas\" style=\"width:48px;height:48px\" \/> Registro en Google con otras cuentas<\/div><div class=\"su-service-content su-u-clearfix su-u-trim\" style=\"padding-left:62px\"><\/div><\/div><\/a><\/p>\n<p><a href=\"https:\/\/classroom.google.com\/\"><div class=\"su-service\"><div class=\"su-service-title\" style=\"padding-left:62px;min-height:48px;line-height:48px\"><img loading=\"lazy\" decoding=\"async\" src=\"http:\/\/www.fundacionsancebrian.com\/portal\/wp-content\/uploads\/2020\/04\/CR.jpg\" width=\"48\" height=\"48\" alt=\"P\u00e1gina web Google Clasroom\" style=\"width:48px;height:48px\" \/> P\u00e1gina web Google Clasroom<\/div><div class=\"su-service-content su-u-clearfix su-u-trim\" style=\"padding-left:62px\"><\/div><\/div><\/a><\/p>\n<p><a href=\"https:\/\/play.google.com\/store\/apps\/details?id=com.google.android.apps.classroom&amp;hl=es\"><div class=\"su-service\"><div class=\"su-service-title\" style=\"padding-left:62px;min-height:48px;line-height:48px\"><img loading=\"lazy\" decoding=\"async\" src=\"http:\/\/www.fundacionsancebrian.com\/portal\/wp-content\/uploads\/2020\/04\/google-play.png\" width=\"48\" height=\"48\" alt=\"Aplicaci\u00f3n para Android\" style=\"width:48px;height:48px\" \/> Aplicaci\u00f3n para Android<\/div><div class=\"su-service-content su-u-clearfix su-u-trim\" style=\"padding-left:62px\"><\/div><\/div><\/a><\/p>\n<p><a href=\"https:\/\/apps.apple.com\/mx\/app\/google-classroom\/id924620788\"><div class=\"su-service\"><div class=\"su-service-title\" style=\"padding-left:62px;min-height:48px;line-height:48px\"><img loading=\"lazy\" decoding=\"async\" src=\"http:\/\/www.fundacionsancebrian.com\/portal\/wp-content\/uploads\/2020\/04\/app-store.png\" width=\"48\" height=\"48\" alt=\"Aplicaci\u00f3n para iPhone\" style=\"width:48px;height:48px\" \/> Aplicaci\u00f3n para iPhone<\/div><div class=\"su-service-content su-u-clearfix su-u-trim\" style=\"padding-left:62px\"><\/div><\/div><\/a><\/p>\n<p><a href=\"https:\/\/www.google.com\/url?sa=t&amp;rct=j&amp;q=&amp;esrc=s&amp;source=web&amp;cd=&amp;cad=rja&amp;uact=8&amp;ved=2ahUKEwj5i960x_D2AhUYRvEDHeUWBMYQFnoECAYQAQ&amp;url=https%3A%2F%2Fmeet.jit.si%2F&amp;usg=AOvVaw0v3P24xk3XzWJTMa-MSkk5\"><div class=\"su-service\"><div class=\"su-service-title\" style=\"padding-left:62px;min-height:48px;line-height:48px\"><img loading=\"lazy\" decoding=\"async\" src=\"https:\/\/play-lh.googleusercontent.com\/1ckxjos_oOGSNOFyUE-cp7xSCoKLVgMOEAGVCgb6WDhObTlDDnyLohgtI8o1TI2c7A\" width=\"48\" height=\"48\" alt=\"Video llamadas con Jitsi Meet\" style=\"width:48px;height:48px\" \/> Video llamadas con Jitsi Meet<\/div><div class=\"su-service-content su-u-clearfix su-u-trim\" style=\"padding-left:62px\"><\/div><\/div><\/a><\/p>\n<h1>Manual:<\/h1>\n<hr \/>\n<p><a href=\"https:\/\/support.google.com\/edu\/classroom\/answer\/6020297?hl=es&amp;authuser=1&amp;ref_topic=9049977&amp;co=GENIE.Platform%3DDesktop&amp;oco=1\">Apuntarse a una clase como alumno<\/a><\/p>\n<p><a href=\"https:\/\/support.google.com\/edu\/classroom\/answer\/6020284?hl=es&amp;ref_topic=9050121\">Ver los trabajos de una clase<\/a><\/p>\n<p><a href=\"https:\/\/support.google.com\/edu\/classroom\/answer\/6020285?hl=es&amp;ref_topic=9050121&amp;authuser=0\">Entregar tareas<\/a><\/p>\n<\/div><div id=\"\" class=\"lsow-tab-pane\"><h1>Formulario para voluntarios<\/h1>\n<hr \/>\n<p><noscript class=\"ninja-forms-noscript-message\">\n\tAviso: Se requiere JavaScript para este contenido.<\/noscript>\n<div id=\"nf-form-15-cont\" class=\"nf-form-cont\" aria-live=\"polite\" aria-labelledby=\"nf-form-title-15\" aria-describedby=\"nf-form-errors-15\" role=\"form\">\n\n    <div class=\"nf-loading-spinner\"><\/div>\n\n<\/div>\n        <!-- That data is being printed as a workaround to page builders reordering the order of the scripts loaded-->\n        <script>var formDisplay=1;var nfForms=nfForms||[];var form=[];form.id='15';form.settings={\"ninjaForms\":\"Ninja Forms\",\"changeEmailErrorMsg\":\"Introduce una direcci\\u00f3n de correo electr\\u00f3nico v\\u00e1lida.\",\"changeDateErrorMsg\":\"\\u00a1Introduce una fecha v\\u00e1lida!\",\"confirmFieldErrorMsg\":\"Estos campos deben coincidir.\",\"fieldNumberNumMinError\":\"Error de n\\u00famero m\\u00ednimo\",\"fieldNumberNumMaxError\":\"Error de n\\u00famero m\\u00e1ximo\",\"fieldNumberIncrementBy\":\"Increm\\u00e9ntalo por \",\"fieldTextareaRTEInsertLink\":\"Insertar enlace\",\"fieldTextareaRTEInsertMedia\":\"Insertar medios\",\"fieldTextareaRTESelectAFile\":\"Seleccione un archivo\",\"tableInsertRowAbove\":\"Insert Row Above\",\"tableInsertRowBelow\":\"Insert Row Below\",\"tableInsertColumnLeft\":\"Insert Column Left\",\"tableInsertColumnRight\":\"Insert Column Right\",\"tableDeleteRow\":\"Delete Row\",\"tableDeleteColumn\":\"Delete Column\",\"tableDeleteTable\":\"Delete Table\",\"tableLegacyNotice\":\"This content has tables in the old editor format. Custom styles are preserved until converted. Editing will update to the new format.\",\"tableLegacyConvert\":\"Convert Now\",\"tableInsertTable\":\"Insert Table\",\"dismiss\":\"Descartar\",\"insertLink\":\"Insertar enlace\",\"formErrorsCorrectErrors\":\"Corrige los errores antes de enviar este formulario.\",\"formHoneypot\":\"Si eres un ser humano y est\\u00e1s viendo este campo, por favor d\\u00e9jalo vac\\u00edo.\",\"validateRequiredField\":\"Esto es un campo obligatorio.\",\"honeypotHoneypotError\":\"Error de Honeypot\",\"fileUploadOldCodeFileUploadInProgress\":\"Subida de archivo en curso.\",\"fileUploadOldCodeFileUpload\":\"SUBIDA DE ARCHIVO\",\"currencySymbol\":\"&euro;\",\"fieldsMarkedRequired\":\"Los campos marcados con <span class=\\\"ninja-forms-req-symbol\\\">*<\\\/span> son obligatorios\",\"thousands_sep\":\".\",\"decimal_point\":\",\",\"siteLocale\":\"es_ES\",\"dateFormat\":\"m\\\/d\\\/A\",\"startOfWeek\":\"1\",\"of\":\"de\",\"previousMonth\":\"Mes anterior\",\"nextMonth\":\"Pr\\u00f3ximo mes\",\"months\":[\"Enero\",\"Febrero\",\"Marzo\",\"Abril\",\"Mayo\",\"Junio\",\"Julio\",\"Agosto\",\"Septiembre\",\"Octubre\",\"Noviembre\",\"Diciembre\"],\"monthsShort\":[\"Ene\",\"Feb\",\"Mar\",\"Abr\",\"Mayo\",\"Jun\",\"Jul\",\"Ago\",\"Sep\",\"Oct\",\"Nov\",\"Dic\"],\"weekdays\":[\"Domingo\",\"Lunes\",\"Martes\",\"Mi\\u00e9rcoles\",\"Jueves\",\"Viernes\",\"S\\u00e1bado\"],\"weekdaysShort\":[\"Dom\",\"Lun\",\"Mar\",\"Mi\\u00e9\",\"Jue\",\"Vie\",\"S\\u00e1b\"],\"weekdaysMin\":[\"Do\",\"Lu\",\"Ma\",\"Mi\",\"Ju\",\"Vi\",\"S\\u00e1\"],\"recaptchaConsentMissing\":\"reCaptcha validation couldn&#039;t load.\",\"recaptchaMissingCookie\":\"reCaptcha v3 validation couldn&#039;t load the cookie needed to submit the form.\",\"recaptchaConsentEvent\":\"Accept reCaptcha cookies before sending the form.\",\"objectType\":\"Form Setting\",\"editActive\":true,\"title\":\"Formulario para voluntariado\",\"show_title\":1,\"allow_public_link\":0,\"embed_form\":\"\",\"clear_complete\":1,\"hide_complete\":1,\"default_label_pos\":\"above\",\"wrapper_class\":\"\",\"element_class\":\"\",\"form_title_heading_level\":\"3\",\"key\":\"\",\"add_submit\":1,\"currency\":\"\",\"unique_field_error\":\"Ya se ha enviado un formulario con este valor.\",\"logged_in\":false,\"not_logged_in_msg\":\"\",\"sub_limit_msg\":\"Has alcanzado el l\\u00edmite de env\\u00edos en el formulario.\",\"calculations\":[],\"formContentData\":[\"nombre_y_apellidos_1682583802702\",\"dni_1682583795457\",\"address_1682589908286\",\"email_1682589922959\",\"lugar_de_nacimiento_localidad_y_ciudad_1682586273554\",\"fecha_de_nacimiento_1682583843880\",\"que_tipo_de_voluntariado_prefieres_1682589891626\",\"donde_quieres_hacer_el_voluntariado_1682589854472\",\"que_aporto_como_voluntario_cualidades_motivaciones_1682590062808\",\"disponibilidad_1682590137259\",\"te_gustaria_hacer_alguna_actividad_propia_como_voluntario_a_relacionada_con_tu_experiencia_cualidades_cuentanos_1682590166149\",\"te_gustaria_recibir_informacion_de_voluntariado_1682590219746\",\"enviar_1682592541333\",\"html_1682598897416\"],\"drawerDisabled\":false,\"currency_symbol\":\"\",\"beforeForm\":\"\",\"beforeFields\":\"\",\"afterFields\":\"\",\"afterForm\":\"\"};form.fields=[{\"objectType\":\"Field\",\"objectDomain\":\"fields\",\"editActive\":false,\"order\":1,\"idAttribute\":\"id\",\"label\":\"Nombre y apellidos\",\"type\":\"firstname\",\"key\":\"nombre_y_apellidos_1682583802702\",\"label_pos\":\"above\",\"required\":1,\"default\":\"\",\"placeholder\":\"\",\"container_class\":\"\",\"element_class\":\"\",\"admin_label\":\"\",\"help_text\":\"\",\"custom_name_attribute\":\"fname\",\"personally_identifiable\":1,\"value\":\"\",\"drawerDisabled\":false,\"id\":100,\"beforeField\":\"\",\"afterField\":\"\",\"parentType\":\"firstname\",\"element_templates\":[\"firstname\",\"input\"],\"old_classname\":\"\",\"wrap_template\":\"wrap\"},{\"objectType\":\"Field\",\"objectDomain\":\"fields\",\"editActive\":false,\"order\":2,\"idAttribute\":\"id\",\"label\":\"DNI\",\"type\":\"textbox\",\"key\":\"dni_1682583795457\",\"label_pos\":\"above\",\"required\":1,\"default\":\"\",\"placeholder\":\"\",\"container_class\":\"\",\"element_class\":\"\",\"input_limit\":\"\",\"input_limit_type\":\"characters\",\"input_limit_msg\":\"Caracteres restantes\",\"manual_key\":false,\"admin_label\":\"\",\"help_text\":\"\",\"mask\":\"\",\"custom_mask\":\"\",\"custom_name_attribute\":\"\",\"personally_identifiable\":\"\",\"value\":\"\",\"drawerDisabled\":false,\"id\":101,\"beforeField\":\"\",\"afterField\":\"\",\"parentType\":\"textbox\",\"element_templates\":[\"textbox\",\"input\"],\"old_classname\":\"\",\"wrap_template\":\"wrap\"},{\"objectType\":\"Field\",\"objectDomain\":\"fields\",\"editActive\":false,\"order\":3,\"idAttribute\":\"id\",\"type\":\"address\",\"label\":\"Direcci\\u00f3n\",\"key\":\"address_1682589908286\",\"label_pos\":\"above\",\"required\":1,\"default\":\"\",\"placeholder\":\"\",\"container_class\":\"\",\"element_class\":\"\",\"input_limit\":\"\",\"input_limit_type\":\"characters\",\"input_limit_msg\":\"Caracteres restantes\",\"manual_key\":false,\"admin_label\":\"\",\"help_text\":\"\",\"mask\":\"\",\"custom_mask\":\"\",\"custom_name_attribute\":\"address\",\"personally_identifiable\":1,\"value\":\"\",\"id\":102,\"beforeField\":\"\",\"afterField\":\"\",\"parentType\":\"address\",\"element_templates\":[\"address\",\"textbox\",\"input\"],\"old_classname\":\"\",\"wrap_template\":\"wrap\"},{\"objectType\":\"Field\",\"objectDomain\":\"fields\",\"editActive\":false,\"order\":4,\"idAttribute\":\"id\",\"type\":\"email\",\"label\":\"Correo electr\\u00f3nico\",\"key\":\"email_1682589922959\",\"label_pos\":\"above\",\"required\":1,\"default\":\"\",\"placeholder\":\"\",\"container_class\":\"\",\"element_class\":\"\",\"admin_label\":\"\",\"help_text\":\"\",\"custom_name_attribute\":\"email\",\"personally_identifiable\":1,\"value\":\"\",\"id\":103,\"beforeField\":\"\",\"afterField\":\"\",\"parentType\":\"email\",\"element_templates\":[\"email\",\"input\"],\"old_classname\":\"\",\"wrap_template\":\"wrap\"},{\"objectType\":\"Field\",\"objectDomain\":\"fields\",\"editActive\":false,\"order\":5,\"idAttribute\":\"id\",\"label\":\"Lugar de nacimiento (localidad y ciudad)\",\"type\":\"textbox\",\"key\":\"lugar_de_nacimiento_localidad_y_ciudad_1682586273554\",\"label_pos\":\"above\",\"required\":1,\"default\":\"\",\"placeholder\":\"\",\"container_class\":\"\",\"element_class\":\"\",\"input_limit\":\"\",\"input_limit_type\":\"characters\",\"input_limit_msg\":\"Caracteres restantes\",\"manual_key\":false,\"admin_label\":\"\",\"help_text\":\"\",\"mask\":\"\",\"custom_mask\":\"\",\"custom_name_attribute\":\"\",\"personally_identifiable\":\"\",\"value\":\"\",\"drawerDisabled\":false,\"id\":104,\"beforeField\":\"\",\"afterField\":\"\",\"parentType\":\"textbox\",\"element_templates\":[\"textbox\",\"input\"],\"old_classname\":\"\",\"wrap_template\":\"wrap\"},{\"objectType\":\"Field\",\"objectDomain\":\"fields\",\"editActive\":false,\"order\":6,\"idAttribute\":\"id\",\"label\":\"Fecha de nacimiento\",\"type\":\"date\",\"key\":\"fecha_de_nacimiento_1682583843880\",\"label_pos\":\"above\",\"required\":1,\"placeholder\":\"\",\"container_class\":\"\",\"element_class\":\"\",\"manual_key\":false,\"admin_label\":\"\",\"help_text\":\"\",\"date_mode\":\"date_only\",\"date_format\":\"default\",\"year_range_start\":\"\",\"year_range_end\":\"\",\"hours_24\":0,\"minute_increment\":5,\"drawerDisabled\":false,\"id\":105,\"beforeField\":\"\",\"afterField\":\"\",\"value\":\"\",\"parentType\":\"date\",\"element_templates\":[\"date\",\"textbox\",\"input\"],\"old_classname\":\"\",\"wrap_template\":\"wrap\"},{\"objectType\":\"Field\",\"objectDomain\":\"fields\",\"editActive\":false,\"order\":7,\"idAttribute\":\"id\",\"type\":\"listcheckbox\",\"label\":\"\\u00bfQu\\u00e9 tipo de voluntariado prefieres?\",\"key\":\"que_tipo_de_voluntariado_prefieres_1682589891626\",\"label_pos\":\"above\",\"required\":1,\"options\":[{\"errors\":[],\"max_options\":0,\"label\":\"Voluntariado personas con discapacidad, centros de d\\u00eda.  \",\"value\":\"voluntariado-personas-con-discapacidad-centros-de-dia\",\"calc\":\"\",\"settingModel\":{\"settings\":false,\"hide_merge_tags\":false,\"error\":false,\"name\":\"options\",\"type\":\"option-repeater\",\"label\":\"Opciones <a href=\\\"#\\\" class=\\\"nf-add-new\\\">A\\u00f1adir nuevo<\\\/a> <a href=\\\"#\\\" class=\\\"extra nf-open-import-tooltip\\\"><i class=\\\"fa fa-sign-in\\\" aria-hidden=\\\"true\\\"><\\\/i> Importar<\\\/a>\",\"width\":\"full\",\"group\":\"\",\"value\":[{\"label\":\"Uno\",\"value\":\"uno\",\"calc\":\"\",\"selected\":0,\"order\":0},{\"label\":\"Dos\",\"value\":\"dos\",\"calc\":\"\",\"selected\":0,\"order\":1},{\"label\":\"Tres\",\"value\":\"tres\",\"calc\":\"\",\"selected\":0,\"order\":2}],\"columns\":{\"label\":{\"header\":\"Etiqueta\",\"default\":\"\"},\"value\":{\"header\":\"Valor\",\"default\":\"\"},\"calc\":{\"header\":\"Valor calc\",\"default\":\"\"},\"selected\":{\"header\":\"<span class=\\\"dashicons dashicons-yes\\\"><\\\/span>\",\"default\":0}}}},{\"errors\":[],\"max_options\":0,\"label\":\"Voluntariado fines de semana, ocio persona con discapacidad.  \",\"value\":\"voluntariado-fines-de-semana-ocio-persona-con-discapacidad\",\"calc\":\"\",\"settingModel\":{\"settings\":false,\"hide_merge_tags\":false,\"error\":false,\"name\":\"options\",\"type\":\"option-repeater\",\"label\":\"Opciones <a href=\\\"#\\\" class=\\\"nf-add-new\\\">A\\u00f1adir nuevo<\\\/a> <a href=\\\"#\\\" class=\\\"extra nf-open-import-tooltip\\\"><i class=\\\"fa fa-sign-in\\\" aria-hidden=\\\"true\\\"><\\\/i> Importar<\\\/a>\",\"width\":\"full\",\"group\":\"\",\"value\":[{\"label\":\"Uno\",\"value\":\"uno\",\"calc\":\"\",\"selected\":0,\"order\":0},{\"label\":\"Dos\",\"value\":\"dos\",\"calc\":\"\",\"selected\":0,\"order\":1},{\"label\":\"Tres\",\"value\":\"tres\",\"calc\":\"\",\"selected\":0,\"order\":2}],\"columns\":{\"label\":{\"header\":\"Etiqueta\",\"default\":\"\"},\"value\":{\"header\":\"Valor\",\"default\":\"\"},\"calc\":{\"header\":\"Valor calc\",\"default\":\"\"},\"selected\":{\"header\":\"<span class=\\\"dashicons dashicons-yes\\\"><\\\/span>\",\"default\":0}}}},{\"errors\":[],\"max_options\":0,\"label\":\"Voluntariado actividades deportivas. \",\"value\":\"voluntariado-actividades-deportivas\",\"calc\":\"\",\"settingModel\":{\"settings\":false,\"hide_merge_tags\":false,\"error\":false,\"name\":\"options\",\"type\":\"option-repeater\",\"label\":\"Opciones <a href=\\\"#\\\" class=\\\"nf-add-new\\\">A\\u00f1adir nuevo<\\\/a> <a href=\\\"#\\\" class=\\\"extra nf-open-import-tooltip\\\"><i class=\\\"fa fa-sign-in\\\" aria-hidden=\\\"true\\\"><\\\/i> Importar<\\\/a>\",\"width\":\"full\",\"group\":\"\",\"value\":[{\"label\":\"Uno\",\"value\":\"uno\",\"calc\":\"\",\"selected\":0,\"order\":0},{\"label\":\"Dos\",\"value\":\"dos\",\"calc\":\"\",\"selected\":0,\"order\":1},{\"label\":\"Tres\",\"value\":\"tres\",\"calc\":\"\",\"selected\":0,\"order\":2}],\"columns\":{\"label\":{\"header\":\"Etiqueta\",\"default\":\"\"},\"value\":{\"header\":\"Valor\",\"default\":\"\"},\"calc\":{\"header\":\"Valor calc\",\"default\":\"\"},\"selected\":{\"header\":\"<span class=\\\"dashicons dashicons-yes\\\"><\\\/span>\",\"default\":0}}}},{\"errors\":[],\"max_options\":0,\"label\":\"Voluntariado periodos estivales, campamentos diurnos de verano. \",\"value\":\"voluntariado-periodos-estivales-campamentos-diurnos-de-verano\",\"calc\":\"\",\"settingModel\":{\"settings\":false,\"hide_merge_tags\":false,\"error\":false,\"name\":\"options\",\"type\":\"option-repeater\",\"label\":\"Opciones <a href=\\\"#\\\" class=\\\"nf-add-new\\\">A\\u00f1adir nuevo<\\\/a> <a href=\\\"#\\\" class=\\\"extra nf-open-import-tooltip\\\"><i class=\\\"fa fa-sign-in\\\" aria-hidden=\\\"true\\\"><\\\/i> Importar<\\\/a>\",\"width\":\"full\",\"group\":\"\",\"value\":[{\"label\":\"Uno\",\"value\":\"uno\",\"calc\":\"\",\"selected\":0,\"order\":0},{\"label\":\"Dos\",\"value\":\"dos\",\"calc\":\"\",\"selected\":0,\"order\":1},{\"label\":\"Tres\",\"value\":\"tres\",\"calc\":\"\",\"selected\":0,\"order\":2}],\"columns\":{\"label\":{\"header\":\"Etiqueta\",\"default\":\"\"},\"value\":{\"header\":\"Valor\",\"default\":\"\"},\"calc\":{\"header\":\"Valor calc\",\"default\":\"\"},\"selected\":{\"header\":\"<span class=\\\"dashicons dashicons-yes\\\"><\\\/span>\",\"default\":0}}}},{\"errors\":[],\"max_options\":0,\"label\":\"Voluntariado acompa\\u00f1amiento en vacaciones personas con discapacidad.\",\"value\":\"voluntariado-acompanamiento-en-vacaciones-personas-con-discapacidad\",\"calc\":\"\",\"settingModel\":{\"settings\":false,\"hide_merge_tags\":false,\"error\":false,\"name\":\"options\",\"type\":\"option-repeater\",\"label\":\"Opciones <a href=\\\"#\\\" class=\\\"nf-add-new\\\">A\\u00f1adir nuevo<\\\/a> <a href=\\\"#\\\" class=\\\"extra nf-open-import-tooltip\\\"><i class=\\\"fa fa-sign-in\\\" aria-hidden=\\\"true\\\"><\\\/i> Importar<\\\/a>\",\"width\":\"full\",\"group\":\"\",\"value\":[{\"label\":\"Uno\",\"value\":\"uno\",\"calc\":\"\",\"selected\":0,\"order\":0},{\"label\":\"Dos\",\"value\":\"dos\",\"calc\":\"\",\"selected\":0,\"order\":1},{\"label\":\"Tres\",\"value\":\"tres\",\"calc\":\"\",\"selected\":0,\"order\":2}],\"columns\":{\"label\":{\"header\":\"Etiqueta\",\"default\":\"\"},\"value\":{\"header\":\"Valor\",\"default\":\"\"},\"calc\":{\"header\":\"Valor calc\",\"default\":\"\"},\"selected\":{\"header\":\"<span class=\\\"dashicons dashicons-yes\\\"><\\\/span>\",\"default\":0}}}},{\"errors\":[],\"max_options\":0,\"label\":\"Actividades con ni\\u00f1os, semana santa, navidades verano. \",\"value\":\"actividades-con-ninos-semana-santa-navidades-verano\",\"calc\":\"\",\"settingModel\":{\"settings\":false,\"hide_merge_tags\":false,\"error\":false,\"name\":\"options\",\"type\":\"option-repeater\",\"label\":\"Opciones <a href=\\\"#\\\" class=\\\"nf-add-new\\\">A\\u00f1adir nuevo<\\\/a> <a href=\\\"#\\\" class=\\\"extra nf-open-import-tooltip\\\"><i class=\\\"fa fa-sign-in\\\" aria-hidden=\\\"true\\\"><\\\/i> Importar<\\\/a>\",\"width\":\"full\",\"group\":\"\",\"value\":[{\"label\":\"Uno\",\"value\":\"uno\",\"calc\":\"\",\"selected\":0,\"order\":0},{\"label\":\"Dos\",\"value\":\"dos\",\"calc\":\"\",\"selected\":0,\"order\":1},{\"label\":\"Tres\",\"value\":\"tres\",\"calc\":\"\",\"selected\":0,\"order\":2}],\"columns\":{\"label\":{\"header\":\"Etiqueta\",\"default\":\"\"},\"value\":{\"header\":\"Valor\",\"default\":\"\"},\"calc\":{\"header\":\"Valor calc\",\"default\":\"\"},\"selected\":{\"header\":\"<span class=\\\"dashicons dashicons-yes\\\"><\\\/span>\",\"default\":0}}}},{\"errors\":[],\"max_options\":0,\"label\":\"Voluntariado personas mayores y personas con discapacidad. \",\"value\":\"voluntariado-personas-mayores-y-personas-con-discapacidad\",\"calc\":\"\",\"settingModel\":{\"settings\":false,\"hide_merge_tags\":false,\"error\":false,\"name\":\"options\",\"type\":\"option-repeater\",\"label\":\"Opciones <a href=\\\"#\\\" class=\\\"nf-add-new\\\">A\\u00f1adir nuevo<\\\/a> <a href=\\\"#\\\" class=\\\"extra nf-open-import-tooltip\\\"><i class=\\\"fa fa-sign-in\\\" aria-hidden=\\\"true\\\"><\\\/i> Importar<\\\/a>\",\"width\":\"full\",\"group\":\"\",\"value\":[{\"label\":\"Uno\",\"value\":\"uno\",\"calc\":\"\",\"selected\":0,\"order\":0},{\"label\":\"Dos\",\"value\":\"dos\",\"calc\":\"\",\"selected\":0,\"order\":1},{\"label\":\"Tres\",\"value\":\"tres\",\"calc\":\"\",\"selected\":0,\"order\":2}],\"columns\":{\"label\":{\"header\":\"Etiqueta\",\"default\":\"\"},\"value\":{\"header\":\"Valor\",\"default\":\"\"},\"calc\":{\"header\":\"Valor calc\",\"default\":\"\"},\"selected\":{\"header\":\"<span class=\\\"dashicons dashicons-yes\\\"><\\\/span>\",\"default\":0}}}},{\"errors\":[],\"max_options\":0,\"label\":\"Voluntariado temas puntuales, campa\\u00f1as especiales. \",\"value\":\"voluntariado-temas-puntuales-campanas-especiales\",\"calc\":\"\",\"settingModel\":{\"settings\":false,\"hide_merge_tags\":false,\"error\":false,\"name\":\"options\",\"type\":\"option-repeater\",\"label\":\"Opciones <a href=\\\"#\\\" class=\\\"nf-add-new\\\">A\\u00f1adir nuevo<\\\/a> <a href=\\\"#\\\" class=\\\"extra nf-open-import-tooltip\\\"><i class=\\\"fa fa-sign-in\\\" aria-hidden=\\\"true\\\"><\\\/i> Importar<\\\/a>\",\"width\":\"full\",\"group\":\"\",\"value\":[{\"label\":\"Uno\",\"value\":\"uno\",\"calc\":\"\",\"selected\":0,\"order\":0},{\"label\":\"Dos\",\"value\":\"dos\",\"calc\":\"\",\"selected\":0,\"order\":1},{\"label\":\"Tres\",\"value\":\"tres\",\"calc\":\"\",\"selected\":0,\"order\":2}],\"columns\":{\"label\":{\"header\":\"Etiqueta\",\"default\":\"\"},\"value\":{\"header\":\"Valor\",\"default\":\"\"},\"calc\":{\"header\":\"Valor calc\",\"default\":\"\"},\"selected\":{\"header\":\"<span class=\\\"dashicons dashicons-yes\\\"><\\\/span>\",\"default\":0}}}},{\"errors\":[],\"max_options\":0,\"label\":\"Voluntariado marcha, salidas puntuales, festival de la participaci\\u00f3n. \",\"value\":\"voluntariado-marcha-salidas-puntuales-festival-de-la-participacion\",\"calc\":\"\",\"settingModel\":{\"settings\":false,\"hide_merge_tags\":false,\"error\":false,\"name\":\"options\",\"type\":\"option-repeater\",\"label\":\"Opciones <a href=\\\"#\\\" class=\\\"nf-add-new\\\">A\\u00f1adir nuevo<\\\/a> <a href=\\\"#\\\" class=\\\"extra nf-open-import-tooltip\\\"><i class=\\\"fa fa-sign-in\\\" aria-hidden=\\\"true\\\"><\\\/i> Importar<\\\/a>\",\"width\":\"full\",\"group\":\"\",\"value\":[{\"label\":\"Uno\",\"value\":\"uno\",\"calc\":\"\",\"selected\":0,\"order\":0},{\"label\":\"Dos\",\"value\":\"dos\",\"calc\":\"\",\"selected\":0,\"order\":1},{\"label\":\"Tres\",\"value\":\"tres\",\"calc\":\"\",\"selected\":0,\"order\":2}],\"columns\":{\"label\":{\"header\":\"Etiqueta\",\"default\":\"\"},\"value\":{\"header\":\"Valor\",\"default\":\"\"},\"calc\":{\"header\":\"Valor calc\",\"default\":\"\"},\"selected\":{\"header\":\"<span class=\\\"dashicons dashicons-yes\\\"><\\\/span>\",\"default\":0}}}},{\"errors\":[],\"max_options\":0,\"label\":\"Voluntariado tutelar \\u201ctutela y apoyo de personas con discapacidad\\u201d \",\"value\":\"voluntariado-tutelar-tutela-y-apoyo-de-personas-con-discapacidad\",\"calc\":\"\",\"settingModel\":{\"settings\":false,\"hide_merge_tags\":false,\"error\":false,\"name\":\"options\",\"type\":\"option-repeater\",\"label\":\"Opciones <a href=\\\"#\\\" class=\\\"nf-add-new\\\">A\\u00f1adir nuevo<\\\/a> <a href=\\\"#\\\" class=\\\"extra nf-open-import-tooltip\\\"><i class=\\\"fa fa-sign-in\\\" aria-hidden=\\\"true\\\"><\\\/i> Importar<\\\/a>\",\"width\":\"full\",\"group\":\"\",\"value\":[{\"label\":\"Uno\",\"value\":\"uno\",\"calc\":\"\",\"selected\":0,\"order\":0},{\"label\":\"Dos\",\"value\":\"dos\",\"calc\":\"\",\"selected\":0,\"order\":1},{\"label\":\"Tres\",\"value\":\"tres\",\"calc\":\"\",\"selected\":0,\"order\":2}],\"columns\":{\"label\":{\"header\":\"Etiqueta\",\"default\":\"\"},\"value\":{\"header\":\"Valor\",\"default\":\"\"},\"calc\":{\"header\":\"Valor calc\",\"default\":\"\"},\"selected\":{\"header\":\"<span class=\\\"dashicons dashicons-yes\\\"><\\\/span>\",\"default\":0}}}},{\"errors\":[],\"max_options\":0,\"label\":\"Voluntariado apoyo formaci\\u00f3n \\\/ actividades escuela de animaci\\u00f3n. \",\"value\":\"voluntariado-apoyo-formacion-actividades-escuela-de-animacion\",\"calc\":\"\",\"settingModel\":{\"settings\":false,\"hide_merge_tags\":false,\"error\":false,\"name\":\"options\",\"type\":\"option-repeater\",\"label\":\"Opciones <a href=\\\"#\\\" class=\\\"nf-add-new\\\">A\\u00f1adir nuevo<\\\/a> <a href=\\\"#\\\" class=\\\"extra nf-open-import-tooltip\\\"><i class=\\\"fa fa-sign-in\\\" aria-hidden=\\\"true\\\"><\\\/i> Importar<\\\/a>\",\"width\":\"full\",\"group\":\"\",\"value\":[{\"label\":\"Uno\",\"value\":\"uno\",\"calc\":\"\",\"selected\":0,\"order\":0},{\"label\":\"Dos\",\"value\":\"dos\",\"calc\":\"\",\"selected\":0,\"order\":1},{\"label\":\"Tres\",\"value\":\"tres\",\"calc\":\"\",\"selected\":0,\"order\":2}],\"columns\":{\"label\":{\"header\":\"Etiqueta\",\"default\":\"\"},\"value\":{\"header\":\"Valor\",\"default\":\"\"},\"calc\":{\"header\":\"Valor calc\",\"default\":\"\"},\"selected\":{\"header\":\"<span class=\\\"dashicons dashicons-yes\\\"><\\\/span>\",\"default\":0}}}},{\"errors\":[],\"max_options\":0,\"label\":\"Participar como voluntario en junta directiva de la entidad.\",\"value\":\"participar-como-voluntario-en-junta-directiva-de-la-entidad\",\"calc\":\"\",\"settingModel\":{\"settings\":false,\"hide_merge_tags\":false,\"error\":false,\"name\":\"options\",\"type\":\"option-repeater\",\"label\":\"Opciones <a href=\\\"#\\\" class=\\\"nf-add-new\\\">A\\u00f1adir nuevo<\\\/a> <a href=\\\"#\\\" class=\\\"extra nf-open-import-tooltip\\\"><i class=\\\"fa fa-sign-in\\\" aria-hidden=\\\"true\\\"><\\\/i> Importar<\\\/a>\",\"width\":\"full\",\"group\":\"\",\"value\":[{\"label\":\"Uno\",\"value\":\"uno\",\"calc\":\"\",\"selected\":0,\"order\":0},{\"label\":\"Dos\",\"value\":\"dos\",\"calc\":\"\",\"selected\":0,\"order\":1},{\"label\":\"Tres\",\"value\":\"tres\",\"calc\":\"\",\"selected\":0,\"order\":2}],\"columns\":{\"label\":{\"header\":\"Etiqueta\",\"default\":\"\"},\"value\":{\"header\":\"Valor\",\"default\":\"\"},\"calc\":{\"header\":\"Valor calc\",\"default\":\"\"},\"selected\":{\"header\":\"<span class=\\\"dashicons dashicons-yes\\\"><\\\/span>\",\"default\":0}}}},{\"errors\":[],\"max_options\":0,\"order\":12,\"new\":false,\"options\":[],\"label\":\"Otros\",\"value\":\"otros\",\"calc\":\"\",\"selected\":0,\"settingModel\":{\"settings\":false,\"hide_merge_tags\":false,\"error\":false,\"name\":\"options\",\"type\":\"option-repeater\",\"label\":\"Opciones <a href=\\\"#\\\" class=\\\"nf-add-new\\\">A\\u00f1adir nuevo<\\\/a> <a href=\\\"#\\\" class=\\\"extra nf-open-import-tooltip\\\"><i class=\\\"fa fa-sign-in\\\" aria-hidden=\\\"true\\\"><\\\/i> Importar<\\\/a>\",\"width\":\"full\",\"group\":\"\",\"value\":[{\"label\":\"Uno\",\"value\":\"uno\",\"calc\":\"\",\"selected\":0,\"order\":0},{\"label\":\"Dos\",\"value\":\"dos\",\"calc\":\"\",\"selected\":0,\"order\":1},{\"label\":\"Tres\",\"value\":\"tres\",\"calc\":\"\",\"selected\":0,\"order\":2}],\"columns\":{\"label\":{\"header\":\"Etiqueta\",\"default\":\"\"},\"value\":{\"header\":\"Valor\",\"default\":\"\"},\"calc\":{\"header\":\"Valor calc\",\"default\":\"\"},\"selected\":{\"header\":\"<span class=\\\"dashicons dashicons-yes\\\"><\\\/span>\",\"default\":0}}},\"manual_value\":true}],\"container_class\":\"\",\"element_class\":\"\",\"admin_label\":\"\",\"help_text\":\"\",\"drawerDisabled\":false,\"id\":106,\"beforeField\":\"\",\"afterField\":\"\",\"value\":\"\",\"parentType\":\"list\",\"element_templates\":[\"listcheckbox\",\"input\"],\"old_classname\":\"list-checkbox\",\"wrap_template\":\"wrap\"},{\"objectType\":\"Field\",\"objectDomain\":\"fields\",\"editActive\":false,\"order\":8,\"idAttribute\":\"id\",\"type\":\"listcheckbox\",\"label\":\"\\u00bfDonde quieres hacer el voluntariado?\",\"key\":\"donde_quieres_hacer_el_voluntariado_1682589854472\",\"label_pos\":\"above\",\"required\":1,\"options\":[{\"errors\":[],\"max_options\":0,\"order\":0,\"new\":false,\"options\":[],\"label\":\"Palencia\",\"value\":\"palencia\",\"calc\":\"\",\"selected\":0,\"settingModel\":{\"settings\":false,\"hide_merge_tags\":false,\"error\":false,\"name\":\"options\",\"type\":\"option-repeater\",\"label\":\"Opciones <a href=\\\"#\\\" class=\\\"nf-add-new\\\">A\\u00f1adir nuevo<\\\/a> <a href=\\\"#\\\" class=\\\"extra nf-open-import-tooltip\\\"><i class=\\\"fa fa-sign-in\\\" aria-hidden=\\\"true\\\"><\\\/i> Importar<\\\/a>\",\"width\":\"full\",\"group\":\"\",\"value\":[{\"label\":\"Uno\",\"value\":\"uno\",\"calc\":\"\",\"selected\":0,\"order\":0},{\"label\":\"Dos\",\"value\":\"dos\",\"calc\":\"\",\"selected\":0,\"order\":1},{\"label\":\"Tres\",\"value\":\"tres\",\"calc\":\"\",\"selected\":0,\"order\":2}],\"columns\":{\"label\":{\"header\":\"Etiqueta\",\"default\":\"\"},\"value\":{\"header\":\"Valor\",\"default\":\"\"},\"calc\":{\"header\":\"Valor calc\",\"default\":\"\"},\"selected\":{\"header\":\"<span class=\\\"dashicons dashicons-yes\\\"><\\\/span>\",\"default\":0}}}},{\"errors\":[],\"max_options\":0,\"order\":1,\"new\":false,\"options\":[],\"label\":\"Bahillo\",\"value\":\"bahillo\",\"calc\":\"\",\"selected\":0,\"settingModel\":{\"settings\":false,\"hide_merge_tags\":false,\"error\":false,\"name\":\"options\",\"type\":\"option-repeater\",\"label\":\"Opciones <a href=\\\"#\\\" class=\\\"nf-add-new\\\">A\\u00f1adir nuevo<\\\/a> <a href=\\\"#\\\" class=\\\"extra nf-open-import-tooltip\\\"><i class=\\\"fa fa-sign-in\\\" aria-hidden=\\\"true\\\"><\\\/i> Importar<\\\/a>\",\"width\":\"full\",\"group\":\"\",\"value\":[{\"label\":\"Uno\",\"value\":\"uno\",\"calc\":\"\",\"selected\":0,\"order\":0},{\"label\":\"Dos\",\"value\":\"dos\",\"calc\":\"\",\"selected\":0,\"order\":1},{\"label\":\"Tres\",\"value\":\"tres\",\"calc\":\"\",\"selected\":0,\"order\":2}],\"columns\":{\"label\":{\"header\":\"Etiqueta\",\"default\":\"\"},\"value\":{\"header\":\"Valor\",\"default\":\"\"},\"calc\":{\"header\":\"Valor calc\",\"default\":\"\"},\"selected\":{\"header\":\"<span class=\\\"dashicons dashicons-yes\\\"><\\\/span>\",\"default\":0}}}},{\"errors\":[],\"max_options\":0,\"order\":2,\"new\":false,\"options\":[],\"label\":\"Fr\\u00f3mista\",\"value\":\"fromista\",\"calc\":\"\",\"selected\":0,\"settingModel\":{\"settings\":false,\"hide_merge_tags\":false,\"error\":false,\"name\":\"options\",\"type\":\"option-repeater\",\"label\":\"Opciones <a href=\\\"#\\\" class=\\\"nf-add-new\\\">A\\u00f1adir nuevo<\\\/a> <a href=\\\"#\\\" class=\\\"extra nf-open-import-tooltip\\\"><i class=\\\"fa fa-sign-in\\\" aria-hidden=\\\"true\\\"><\\\/i> Importar<\\\/a>\",\"width\":\"full\",\"group\":\"\",\"value\":[{\"label\":\"Uno\",\"value\":\"uno\",\"calc\":\"\",\"selected\":0,\"order\":0},{\"label\":\"Dos\",\"value\":\"dos\",\"calc\":\"\",\"selected\":0,\"order\":1},{\"label\":\"Tres\",\"value\":\"tres\",\"calc\":\"\",\"selected\":0,\"order\":2}],\"columns\":{\"label\":{\"header\":\"Etiqueta\",\"default\":\"\"},\"value\":{\"header\":\"Valor\",\"default\":\"\"},\"calc\":{\"header\":\"Valor calc\",\"default\":\"\"},\"selected\":{\"header\":\"<span class=\\\"dashicons dashicons-yes\\\"><\\\/span>\",\"default\":0}}}},{\"errors\":[],\"max_options\":0,\"order\":3,\"new\":false,\"options\":[],\"label\":\"San Cebri\\u00e1n de Campos\",\"value\":\"san-cebrian-de-campos\",\"calc\":\"\",\"selected\":0,\"settingModel\":{\"settings\":false,\"hide_merge_tags\":false,\"error\":false,\"name\":\"options\",\"type\":\"option-repeater\",\"label\":\"Opciones <a href=\\\"#\\\" class=\\\"nf-add-new\\\">A\\u00f1adir nuevo<\\\/a> <a href=\\\"#\\\" class=\\\"extra nf-open-import-tooltip\\\"><i class=\\\"fa fa-sign-in\\\" aria-hidden=\\\"true\\\"><\\\/i> Importar<\\\/a>\",\"width\":\"full\",\"group\":\"\",\"value\":[{\"label\":\"Uno\",\"value\":\"uno\",\"calc\":\"\",\"selected\":0,\"order\":0},{\"label\":\"Dos\",\"value\":\"dos\",\"calc\":\"\",\"selected\":0,\"order\":1},{\"label\":\"Tres\",\"value\":\"tres\",\"calc\":\"\",\"selected\":0,\"order\":2}],\"columns\":{\"label\":{\"header\":\"Etiqueta\",\"default\":\"\"},\"value\":{\"header\":\"Valor\",\"default\":\"\"},\"calc\":{\"header\":\"Valor calc\",\"default\":\"\"},\"selected\":{\"header\":\"<span class=\\\"dashicons dashicons-yes\\\"><\\\/span>\",\"default\":0}}}},{\"errors\":[],\"max_options\":0,\"order\":4,\"new\":false,\"options\":[],\"label\":\"Villamuriel de Cerrato\",\"value\":\"villamuriel-de-cerrato\",\"calc\":\"\",\"selected\":0,\"settingModel\":{\"settings\":false,\"hide_merge_tags\":false,\"error\":false,\"name\":\"options\",\"type\":\"option-repeater\",\"label\":\"Opciones <a href=\\\"#\\\" class=\\\"nf-add-new\\\">A\\u00f1adir nuevo<\\\/a> <a href=\\\"#\\\" class=\\\"extra nf-open-import-tooltip\\\"><i class=\\\"fa fa-sign-in\\\" aria-hidden=\\\"true\\\"><\\\/i> Importar<\\\/a>\",\"width\":\"full\",\"group\":\"\",\"value\":[{\"label\":\"Uno\",\"value\":\"uno\",\"calc\":\"\",\"selected\":0,\"order\":0},{\"label\":\"Dos\",\"value\":\"dos\",\"calc\":\"\",\"selected\":0,\"order\":1},{\"label\":\"Tres\",\"value\":\"tres\",\"calc\":\"\",\"selected\":0,\"order\":2}],\"columns\":{\"label\":{\"header\":\"Etiqueta\",\"default\":\"\"},\"value\":{\"header\":\"Valor\",\"default\":\"\"},\"calc\":{\"header\":\"Valor calc\",\"default\":\"\"},\"selected\":{\"header\":\"<span class=\\\"dashicons dashicons-yes\\\"><\\\/span>\",\"default\":0}}}},{\"errors\":[],\"max_options\":0,\"order\":5,\"new\":false,\"options\":[],\"label\":\"Carri\\u00f3n de los Condes\",\"value\":\"carrion-de-los-condes\",\"calc\":\"\",\"selected\":0,\"settingModel\":{\"settings\":false,\"hide_merge_tags\":false,\"error\":false,\"name\":\"options\",\"type\":\"option-repeater\",\"label\":\"Opciones <a href=\\\"#\\\" class=\\\"nf-add-new\\\">A\\u00f1adir nuevo<\\\/a> <a href=\\\"#\\\" class=\\\"extra nf-open-import-tooltip\\\"><i class=\\\"fa fa-sign-in\\\" aria-hidden=\\\"true\\\"><\\\/i> Importar<\\\/a>\",\"width\":\"full\",\"group\":\"\",\"value\":[{\"label\":\"Uno\",\"value\":\"uno\",\"calc\":\"\",\"selected\":0,\"order\":0},{\"label\":\"Dos\",\"value\":\"dos\",\"calc\":\"\",\"selected\":0,\"order\":1},{\"label\":\"Tres\",\"value\":\"tres\",\"calc\":\"\",\"selected\":0,\"order\":2}],\"columns\":{\"label\":{\"header\":\"Etiqueta\",\"default\":\"\"},\"value\":{\"header\":\"Valor\",\"default\":\"\"},\"calc\":{\"header\":\"Valor calc\",\"default\":\"\"},\"selected\":{\"header\":\"<span class=\\\"dashicons dashicons-yes\\\"><\\\/span>\",\"default\":0}}}},{\"errors\":[],\"max_options\":0,\"order\":6,\"new\":false,\"options\":[],\"label\":\"Villaramiel\",\"value\":\"villaramiel\",\"calc\":\"\",\"selected\":0,\"settingModel\":{\"settings\":false,\"hide_merge_tags\":false,\"error\":false,\"name\":\"options\",\"type\":\"option-repeater\",\"label\":\"Opciones <a href=\\\"#\\\" class=\\\"nf-add-new\\\">A\\u00f1adir nuevo<\\\/a> <a href=\\\"#\\\" class=\\\"extra nf-open-import-tooltip\\\"><i class=\\\"fa fa-sign-in\\\" aria-hidden=\\\"true\\\"><\\\/i> Importar<\\\/a>\",\"width\":\"full\",\"group\":\"\",\"value\":[{\"label\":\"Uno\",\"value\":\"uno\",\"calc\":\"\",\"selected\":0,\"order\":0},{\"label\":\"Dos\",\"value\":\"dos\",\"calc\":\"\",\"selected\":0,\"order\":1},{\"label\":\"Tres\",\"value\":\"tres\",\"calc\":\"\",\"selected\":0,\"order\":2}],\"columns\":{\"label\":{\"header\":\"Etiqueta\",\"default\":\"\"},\"value\":{\"header\":\"Valor\",\"default\":\"\"},\"calc\":{\"header\":\"Valor calc\",\"default\":\"\"},\"selected\":{\"header\":\"<span class=\\\"dashicons dashicons-yes\\\"><\\\/span>\",\"default\":0}}}}],\"container_class\":\"\",\"element_class\":\"\",\"admin_label\":\"\",\"help_text\":\"\",\"drawerDisabled\":false,\"id\":107,\"beforeField\":\"\",\"afterField\":\"\",\"value\":\"\",\"parentType\":\"list\",\"element_templates\":[\"listcheckbox\",\"input\"],\"old_classname\":\"list-checkbox\",\"wrap_template\":\"wrap\"},{\"objectType\":\"Field\",\"objectDomain\":\"fields\",\"editActive\":false,\"order\":9,\"idAttribute\":\"id\",\"type\":\"textarea\",\"label\":\"Que aporto como voluntario. Cualidades. Motivaciones.\",\"key\":\"que_aporto_como_voluntario_cualidades_motivaciones_1682590062808\",\"label_pos\":\"above\",\"required\":1,\"default\":\"\",\"placeholder\":\"\",\"container_class\":\"\",\"element_class\":\"\",\"input_limit\":\"\",\"input_limit_type\":\"characters\",\"input_limit_msg\":\"Caracteres restantes\",\"manual_key\":false,\"admin_label\":\"\",\"help_text\":\"\",\"textarea_rte\":\"\",\"disable_rte_mobile\":\"\",\"textarea_media\":\"\",\"value\":\"\",\"drawerDisabled\":false,\"id\":108,\"beforeField\":\"\",\"afterField\":\"\",\"parentType\":\"textarea\",\"element_templates\":[\"textarea\",\"input\"],\"old_classname\":\"\",\"wrap_template\":\"wrap\"},{\"objectType\":\"Field\",\"objectDomain\":\"fields\",\"editActive\":false,\"order\":10,\"idAttribute\":\"id\",\"type\":\"textarea\",\"label\":\"Disponibilidad\",\"key\":\"disponibilidad_1682590137259\",\"label_pos\":\"above\",\"required\":1,\"default\":\"\",\"placeholder\":\"\",\"container_class\":\"\",\"element_class\":\"\",\"input_limit\":\"\",\"input_limit_type\":\"characters\",\"input_limit_msg\":\"Caracteres restantes\",\"manual_key\":false,\"admin_label\":\"\",\"help_text\":\"\",\"textarea_rte\":\"\",\"disable_rte_mobile\":\"\",\"textarea_media\":\"\",\"value\":\"\",\"drawerDisabled\":false,\"id\":109,\"beforeField\":\"\",\"afterField\":\"\",\"parentType\":\"textarea\",\"element_templates\":[\"textarea\",\"input\"],\"old_classname\":\"\",\"wrap_template\":\"wrap\"},{\"objectType\":\"Field\",\"objectDomain\":\"fields\",\"editActive\":false,\"order\":11,\"idAttribute\":\"id\",\"type\":\"textarea\",\"label\":\"\\u00bfTe gustar\\u00eda hacer alguna actividad propia como voluntario\\\/a, relacionada con tu experiencia, cualidades\\u2026? Cu\\u00e9ntanos\\u2026. \",\"key\":\"te_gustaria_hacer_alguna_actividad_propia_como_voluntario_a_relacionada_con_tu_experiencia_cualidades_cuentanos_1682590166149\",\"label_pos\":\"above\",\"required\":1,\"default\":\"\",\"placeholder\":\"\",\"container_class\":\"\",\"element_class\":\"\",\"input_limit\":\"\",\"input_limit_type\":\"characters\",\"input_limit_msg\":\"Caracteres restantes\",\"manual_key\":false,\"admin_label\":\"\",\"help_text\":\"\",\"textarea_rte\":\"\",\"disable_rte_mobile\":\"\",\"textarea_media\":\"\",\"value\":\"\",\"drawerDisabled\":false,\"id\":110,\"beforeField\":\"\",\"afterField\":\"\",\"parentType\":\"textarea\",\"element_templates\":[\"textarea\",\"input\"],\"old_classname\":\"\",\"wrap_template\":\"wrap\"},{\"objectType\":\"Field\",\"objectDomain\":\"fields\",\"editActive\":false,\"order\":12,\"idAttribute\":\"id\",\"type\":\"listradio\",\"label\":\"\\u00bfTe gustar\\u00eda recibir informaci\\u00f3n de voluntariado?\",\"key\":\"te_gustaria_recibir_informacion_de_voluntariado_1682590219746\",\"label_pos\":\"above\",\"required\":1,\"options\":[{\"errors\":[],\"max_options\":0,\"label\":\"Si\",\"value\":\"si\",\"calc\":\"\",\"selected\":0,\"order\":0,\"settingModel\":{\"settings\":false,\"hide_merge_tags\":false,\"error\":false,\"name\":\"options\",\"type\":\"option-repeater\",\"label\":\"Opciones <a href=\\\"#\\\" class=\\\"nf-add-new\\\">A\\u00f1adir nuevo<\\\/a> <a href=\\\"#\\\" class=\\\"extra nf-open-import-tooltip\\\"><i class=\\\"fa fa-sign-in\\\" aria-hidden=\\\"true\\\"><\\\/i> Importar<\\\/a>\",\"width\":\"full\",\"group\":\"\",\"value\":[{\"label\":\"Uno\",\"value\":\"uno\",\"calc\":\"\",\"selected\":0,\"order\":0},{\"label\":\"Dos\",\"value\":\"dos\",\"calc\":\"\",\"selected\":0,\"order\":1},{\"label\":\"Tres\",\"value\":\"tres\",\"calc\":\"\",\"selected\":0,\"order\":2}],\"columns\":{\"label\":{\"header\":\"Etiqueta\",\"default\":\"\"},\"value\":{\"header\":\"Valor\",\"default\":\"\"},\"calc\":{\"header\":\"Valor calc\",\"default\":\"\"},\"selected\":{\"header\":\"<span class=\\\"dashicons dashicons-yes\\\"><\\\/span>\",\"default\":0}}},\"manual_value\":true},{\"errors\":[],\"max_options\":0,\"label\":\"No\",\"value\":\"no\",\"calc\":\"\",\"selected\":0,\"order\":1,\"settingModel\":{\"settings\":false,\"hide_merge_tags\":false,\"error\":false,\"name\":\"options\",\"type\":\"option-repeater\",\"label\":\"Opciones <a href=\\\"#\\\" class=\\\"nf-add-new\\\">A\\u00f1adir nuevo<\\\/a> <a href=\\\"#\\\" class=\\\"extra nf-open-import-tooltip\\\"><i class=\\\"fa fa-sign-in\\\" aria-hidden=\\\"true\\\"><\\\/i> Importar<\\\/a>\",\"width\":\"full\",\"group\":\"\",\"value\":[{\"label\":\"Uno\",\"value\":\"uno\",\"calc\":\"\",\"selected\":0,\"order\":0},{\"label\":\"Dos\",\"value\":\"dos\",\"calc\":\"\",\"selected\":0,\"order\":1},{\"label\":\"Tres\",\"value\":\"tres\",\"calc\":\"\",\"selected\":0,\"order\":2}],\"columns\":{\"label\":{\"header\":\"Etiqueta\",\"default\":\"\"},\"value\":{\"header\":\"Valor\",\"default\":\"\"},\"calc\":{\"header\":\"Valor calc\",\"default\":\"\"},\"selected\":{\"header\":\"<span class=\\\"dashicons dashicons-yes\\\"><\\\/span>\",\"default\":0}}},\"manual_value\":true}],\"container_class\":\"\",\"element_class\":\"\",\"admin_label\":\"\",\"help_text\":\"\",\"drawerDisabled\":false,\"id\":111,\"beforeField\":\"\",\"afterField\":\"\",\"value\":\"\",\"parentType\":\"list\",\"element_templates\":[\"listradio\",\"input\"],\"old_classname\":\"list-radio\",\"wrap_template\":\"wrap\"},{\"objectType\":\"Field\",\"objectDomain\":\"fields\",\"editActive\":false,\"order\":13,\"idAttribute\":\"id\",\"type\":\"submit\",\"label\":\"Enviar\",\"processing_label\":\"Procesando\",\"container_class\":\"\",\"element_class\":\"\",\"key\":\"enviar_1682592541333\",\"drawerDisabled\":false,\"id\":112,\"beforeField\":\"\",\"afterField\":\"\",\"value\":\"\",\"label_pos\":\"above\",\"parentType\":\"textbox\",\"element_templates\":[\"submit\",\"button\",\"input\"],\"old_classname\":\"\",\"wrap_template\":\"wrap-no-label\"},{\"objectType\":\"Field\",\"objectDomain\":\"fields\",\"editActive\":false,\"order\":999,\"idAttribute\":\"id\",\"type\":\"html\",\"label\":\"HTML\",\"default\":\"<p>LEY DE PROTECCI\\u00d3N DE DATOS<\\\/p><p>IMPORTANTE.<br><\\\/p><p>Debido a la entrada en vigor del nuevo Reglamento General de Protecci\\u00f3n de Datos 2016\\\/679&nbsp; 25 de mayo de 2018, es necesario su consentimiento expreso para el tratamiento de sus datos personales.<br><\\\/p><p>Le informamos de que la Fundaci\\u00f3n San Cebri\\u00e1n, siempre est\\u00e1 en la mejora continua en la protecci\\u00f3n de los datos personales y como resultado de la misma, le informamos que debe conocer acerca del tratamiento de sus datos personales:<br><\\\/p><ul><li>Responsable del tratamiento: FUNDACI\\u00d3N SAN CEBRIAN<\\\/li><li>Datos de contacto: FUNDACI\\u00d3N SAN CEBRIAN Plaza Juan XXIII n\\u00ba 5 bj 34005 PALENCIA 979706954, e.sanchez@fundacionsancebrian.com, asunto RGPD<\\\/li><\\\/ul><ul><li>Base para el tratamiento: consentimiento del titular de los datos.<\\\/li><li>Tratamiento para el que se requiere su consentimiento: comunicaciones comerciales, informaci\\u00f3n fiscal, contable, facturaci\\u00f3n, productos y servicios.<\\\/li><li>Destinatarios: no se ceder\\u00e1n los datos a terceros ajenos al Grupo de la Fundaci\\u00f3n San Cebri\\u00e1n.<\\\/li><li>Sus datos se conservar\\u00e1n durante 6 a\\u00f1os una vez finalizada nuestra relaci\\u00f3n o hasta que usted nos solicite que desea dejar de recibir informaci\\u00f3n de la Escuela de Animaci\\u00f3n.<\\\/li><\\\/ul><p>Le informamos tambi\\u00e9n que podr\\u00e1 ejercer sus derechos de acceso, rectificaci\\u00f3n, cancelaci\\u00f3n, oposici\\u00f3n, limitaci\\u00f3n y portabilidad mediante comunicaci\\u00f3n escrita dirigida al Responsable del tratamiento con la referencia RGPD FUNDACI\\u00d3N SAN CEBRI\\u00c1N, para que podamos atender correctamente el ejercicio de sus derechos. Su solicitud deber\\u00e1 ir acompa\\u00f1ada de fotocopia del DNI, petici\\u00f3n en la que se concreta su solicitud, direcci\\u00f3n a efectos de notificaciones, fecha y firma del solicitante y los documentos acreditativos de la petici\\u00f3n, en su caso, tambi\\u00e9n le recordamos, su derecho a presentar una reclamaci\\u00f3n ante la Agencia Espa\\u00f1ola de Protecci\\u00f3n de Datos si considera que el tratamiento de datos no es acorde a la normativa legal. Mientras no nos comunique lo contrario, entendemos que sus datos no han sido modificados y que usted se compromete a notificarnos cualquier variaci\\u00f3n.<\\\/p>\",\"container_class\":\"\",\"element_class\":\"\",\"key\":\"html_1682598897416\",\"drawerDisabled\":false,\"id\":113,\"beforeField\":\"\",\"afterField\":\"\",\"value\":\"<p>LEY DE PROTECCI\\u00d3N DE DATOS<\\\/p><p>IMPORTANTE.<br><\\\/p><p>Debido a la entrada en vigor del nuevo Reglamento General de Protecci\\u00f3n de Datos 2016\\\/679&nbsp; 25 de mayo de 2018, es necesario su consentimiento expreso para el tratamiento de sus datos personales.<br><\\\/p><p>Le informamos de que la Fundaci\\u00f3n San Cebri\\u00e1n, siempre est\\u00e1 en la mejora continua en la protecci\\u00f3n de los datos personales y como resultado de la misma, le informamos que debe conocer acerca del tratamiento de sus datos personales:<br><\\\/p><ul><li>Responsable del tratamiento: FUNDACI\\u00d3N SAN CEBRIAN<\\\/li><li>Datos de contacto: FUNDACI\\u00d3N SAN CEBRIAN Plaza Juan XXIII n\\u00ba 5 bj 34005 PALENCIA 979706954, e.sanchez@fundacionsancebrian.com, asunto RGPD<\\\/li><\\\/ul><ul><li>Base para el tratamiento: consentimiento del titular de los datos.<\\\/li><li>Tratamiento para el que se requiere su consentimiento: comunicaciones comerciales, informaci\\u00f3n fiscal, contable, facturaci\\u00f3n, productos y servicios.<\\\/li><li>Destinatarios: no se ceder\\u00e1n los datos a terceros ajenos al Grupo de la Fundaci\\u00f3n San Cebri\\u00e1n.<\\\/li><li>Sus datos se conservar\\u00e1n durante 6 a\\u00f1os una vez finalizada nuestra relaci\\u00f3n o hasta que usted nos solicite que desea dejar de recibir informaci\\u00f3n de la Escuela de Animaci\\u00f3n.<\\\/li><\\\/ul><p>Le informamos tambi\\u00e9n que podr\\u00e1 ejercer sus derechos de acceso, rectificaci\\u00f3n, cancelaci\\u00f3n, oposici\\u00f3n, limitaci\\u00f3n y portabilidad mediante comunicaci\\u00f3n escrita dirigida al Responsable del tratamiento con la referencia RGPD FUNDACI\\u00d3N SAN CEBRI\\u00c1N, para que podamos atender correctamente el ejercicio de sus derechos. Su solicitud deber\\u00e1 ir acompa\\u00f1ada de fotocopia del DNI, petici\\u00f3n en la que se concreta su solicitud, direcci\\u00f3n a efectos de notificaciones, fecha y firma del solicitante y los documentos acreditativos de la petici\\u00f3n, en su caso, tambi\\u00e9n le recordamos, su derecho a presentar una reclamaci\\u00f3n ante la Agencia Espa\\u00f1ola de Protecci\\u00f3n de Datos si considera que el tratamiento de datos no es acorde a la normativa legal. Mientras no nos comunique lo contrario, entendemos que sus datos no han sido modificados y que usted se compromete a notificarnos cualquier variaci\\u00f3n.<\\\/p>\",\"label_pos\":\"above\",\"parentType\":\"html\",\"element_templates\":[\"html\",\"input\"],\"old_classname\":\"\",\"wrap_template\":\"wrap\"}];nfForms.push(form);<\/script>\n        <\/p>\n<\/div><div id=\"\" class=\"lsow-tab-pane\"><h1>Preguntas y respuestas frecuentes<\/h1>\n<hr \/>\n<p><div class=\"su-spoiler su-spoiler-style-fancy su-spoiler-icon-caret su-spoiler-closed\" data-scroll-offset=\"0\" data-anchor-in-url=\"no\"><div class=\"su-spoiler-title\" tabindex=\"0\" role=\"button\"><span class=\"su-spoiler-icon\"><\/span>\u00bfMe puede matricular otra persona? <\/div><div class=\"su-spoiler-content su-u-clearfix su-u-trim\"><\/p>\n<p>La reserva de plaza y la matr\u00edcula debe realizarla la persona interesada. Debes poner tus datos en la matricula, no los de un familiar.<\/p>\n<p><\/div><\/div><\/p>\n<p><div class=\"su-spoiler su-spoiler-style-fancy su-spoiler-icon-caret su-spoiler-closed\" data-scroll-offset=\"0\" data-anchor-in-url=\"no\"><div class=\"su-spoiler-title\" tabindex=\"0\" role=\"button\"><span class=\"su-spoiler-icon\"><\/span>\u00bfPuede gestionar mis pr\u00e1cticas otra persona? <\/div><div class=\"su-spoiler-content su-u-clearfix su-u-trim\"><\/p>\n<p>No eres t\u00fa el que solicita las pr\u00e1cticas y haces los trabajos del curso, t\u00fa eres el que te has matriculado.<\/p>\n<p><\/div><\/div><\/p>\n<p><div class=\"su-spoiler su-spoiler-style-fancy su-spoiler-icon-caret su-spoiler-closed\" data-scroll-offset=\"0\" data-anchor-in-url=\"no\"><div class=\"su-spoiler-title\" tabindex=\"0\" role=\"button\"><span class=\"su-spoiler-icon\"><\/span>\u00bfPuedo tener el t\u00edtulo de monitor de tiempo libre o coordinador sin hacer pr\u00e1cticas? <\/div><div class=\"su-spoiler-content su-u-clearfix su-u-trim\"><\/p>\n<p>No, es obligatorio hacer las pr\u00e1cticas, aunque s\u00e9 pueden convalidar.<\/p>\n<p><\/div><\/div><\/p>\n<p><div class=\"su-spoiler su-spoiler-style-fancy su-spoiler-icon-caret su-spoiler-closed\" data-scroll-offset=\"0\" data-anchor-in-url=\"no\"><div class=\"su-spoiler-title\" tabindex=\"0\" role=\"button\"><span class=\"su-spoiler-icon\"><\/span>\u00bfC\u00f3mo se convalidan las pr\u00e1cticas? <\/div><div class=\"su-spoiler-content su-u-clearfix su-u-trim\"><\/p>\n<p>M\u00f3dulo de pr\u00e1cticas profesionales 160 horas de duraci\u00f3n<br \/>\nDebes tener,<br \/>\nexperiencia laboral de al menos tres meses con um minino de 300 horas trabajadas en total, durante los ultimos 5 a\u00f1os, transcuridos hasta la fecha de solicitud de exencion y se correspondera con las capacidades recogidas en el modulo de pr\u00e1cticas del certificado laboral<\/p>\n<ul>\n<li>Capacidades recogidas en el m\u00f3dulo de pr\u00e1cticas del certificado laboral<\/li>\n<li>Colaboraci\u00f3n en la organizaci\u00f3n de actividades de tiempo libre infantil y juvenil.<\/li>\n<li>Apoyo en la puesta en marcha y evaluaci\u00f3n de las actividades de tiempo libre infantil y juvenil.<\/li>\n<li>Aplicaci\u00f3n de t\u00e9cnicas de dinamizaci\u00f3n de grupos en los contextos de tiempo libre infantil y juvenil.<\/li>\n<li>Aplicaci\u00f3n de t\u00e9cnicas de animaci\u00f3n, expresi\u00f3n, creatividad y juego.<\/li>\n<li>Desarrollo de acampadas, excursionismo y las actividades en el medio natural.<\/li>\n<li>Control de la salubridad, seguridad y riesgos en el desarrollo del plan de actividades.<\/li>\n<li>\u00a0Integraci\u00f3n en el equipo de monitores y el proyecto de actividades.<\/li>\n<li>Integraci\u00f3n y comunicaci\u00f3n en el centro de trabajo<\/li>\n<\/ul>\n<p>Nos tienes que mandar una solicitud firmada por el director\/a, detallando lugar, d\u00edas, horas y funciones que has realizado , adem\u00e1s el contrato laboral o de voluntariado y un certificado de la entidad donde has estado trabajando o realizando voluntariado, detallando horas d\u00edas, horas y funciones.<\/p>\n<p><\/div><\/div><\/p>\n<p><div class=\"su-spoiler su-spoiler-style-fancy su-spoiler-icon-caret su-spoiler-closed\" data-scroll-offset=\"0\" data-anchor-in-url=\"no\"><div class=\"su-spoiler-title\" tabindex=\"0\" role=\"button\"><span class=\"su-spoiler-icon\"><\/span>\u00bfLas practicas cuando se solicitan? <\/div><div class=\"su-spoiler-content su-u-clearfix su-u-trim\"><\/p>\n<p>Una vez acabada la parte te\u00f3rica, y entregas los papeles a la escuela 15 d\u00edas antes de empezar.<\/p>\n<p><\/div><\/div><\/p>\n<p><div class=\"su-spoiler su-spoiler-style-fancy su-spoiler-icon-caret su-spoiler-closed\" data-scroll-offset=\"0\" data-anchor-in-url=\"no\"><div class=\"su-spoiler-title\" tabindex=\"0\" role=\"button\"><span class=\"su-spoiler-icon\"><\/span>\u00bfPuedo hacer la parte te\u00f3rica de los cursos de monitor de tiempo libre y coordinador y hacer las pr\u00e1cticas en el a\u00f1o siguiente? <\/div><div class=\"su-spoiler-content su-u-clearfix su-u-trim\"><\/p>\n<p>No, las pr\u00e1cticas se tienen que hacer 4 meses tiempo m\u00e1ximo despu\u00e9s de hacer acabado la parte te\u00f3rica.<\/p>\n<p><\/div><\/div><\/p>\n<p><div class=\"su-spoiler su-spoiler-style-fancy su-spoiler-icon-caret su-spoiler-closed\" data-scroll-offset=\"0\" data-anchor-in-url=\"no\"><div class=\"su-spoiler-title\" tabindex=\"0\" role=\"button\"><span class=\"su-spoiler-icon\"><\/span>\u00bfD\u00f3nde presento los papeles de las pr\u00e1cticas? <\/div><div class=\"su-spoiler-content su-u-clearfix su-u-trim\"><\/p>\n<p>En la escuela donde se ha realizado el curso te\u00f3rico, 15 d\u00edas antes de empezar y es la escuela la que presenta tus pr\u00e1cticas.<\/p>\n<p><\/div><\/div><\/p>\n<p><div class=\"su-spoiler su-spoiler-style-fancy su-spoiler-icon-caret su-spoiler-closed\" data-scroll-offset=\"0\" data-anchor-in-url=\"no\"><div class=\"su-spoiler-title\" tabindex=\"0\" role=\"button\"><span class=\"su-spoiler-icon\"><\/span>\u00bfPuedo empezar las pr\u00e1cticas al acabar la parte te\u00f3rica del curso directamente? <\/div><div class=\"su-spoiler-content su-u-clearfix su-u-trim\"><\/p>\n<p>No necesitas 15 dias de antelaci\u00f3n para presentar los papeles a la escuela y que la escuela les presente.<\/p>\n<p><\/div><\/div><\/p>\n<p><div class=\"su-spoiler su-spoiler-style-fancy su-spoiler-icon-caret su-spoiler-closed\" data-scroll-offset=\"0\" data-anchor-in-url=\"no\"><div class=\"su-spoiler-title\" tabindex=\"0\" role=\"button\"><span class=\"su-spoiler-icon\"><\/span>Al acabar las pr\u00e1cticas tengo que presentar una memoria <\/div><div class=\"su-spoiler-content su-u-clearfix su-u-trim\"><\/p>\n<p>Si, y tienes 5 meses para presentarla en la escuela donde has realizado la formaci\u00f3n.<\/p>\n<p><\/div><\/div><\/p>\n<p><div class=\"su-spoiler su-spoiler-style-fancy su-spoiler-icon-caret su-spoiler-closed\" data-scroll-offset=\"0\" data-anchor-in-url=\"no\"><div class=\"su-spoiler-title\" tabindex=\"0\" role=\"button\"><span class=\"su-spoiler-icon\"><\/span>Los documentos de las practicas les presento yo a la junta. <\/div><div class=\"su-spoiler-content su-u-clearfix su-u-trim\"><\/p>\n<p>No, tu se les entregas a la escuela de formaci\u00f3n, la escuela les revisa y s\u00e9 les presenta a la junta. El alumno\/a nunca se los presenta a la escuela.<\/p>\n<p><\/div><\/div><\/p>\n<p><div class=\"su-spoiler su-spoiler-style-fancy su-spoiler-icon-caret su-spoiler-closed\" data-scroll-offset=\"0\" data-anchor-in-url=\"no\"><div class=\"su-spoiler-title\" tabindex=\"0\" role=\"button\"><span class=\"su-spoiler-icon\"><\/span>Si no hago las practicas o no las puedo convalidar no tengo el titulo de monitor o coordinador. <\/div><div class=\"su-spoiler-content su-u-clearfix su-u-trim\"><\/p>\n<p>Correcto, debes tener la parte te\u00f3rica y pr\u00e1ctica completa para tener el t\u00edtulo.<\/p>\n<p><\/div><\/div><\/p>\n<p><div class=\"su-spoiler su-spoiler-style-fancy su-spoiler-icon-caret su-spoiler-closed\" data-scroll-offset=\"0\" data-anchor-in-url=\"no\"><div class=\"su-spoiler-title\" tabindex=\"0\" role=\"button\"><span class=\"su-spoiler-icon\"><\/span>Con hacer el curso presencial y los trabajos de la parte t\u00e9orica ya tengo el curso aprobado. <\/div><div class=\"su-spoiler-content su-u-clearfix su-u-trim\"><\/p>\n<p>Es obligatorio hacer todos los trabajos y tenerlos aprobados para poder hacer las practicas.<\/p>\n<p><\/div><\/div><\/p>\n<p><div class=\"su-spoiler su-spoiler-style-fancy su-spoiler-icon-caret su-spoiler-closed\" data-scroll-offset=\"0\" data-anchor-in-url=\"no\"><div class=\"su-spoiler-title\" tabindex=\"0\" role=\"button\"><span class=\"su-spoiler-icon\"><\/span>Para poder hacer las pr\u00e1cticas de monitor tengo que tener el certficado de exento de delitos penales. <\/div><div class=\"su-spoiler-content su-u-clearfix su-u-trim\"><\/p>\n<p>Si, es necesario ese certificado.<\/p>\n<p><\/div><\/div><\/p>\n<p><div class=\"su-spoiler su-spoiler-style-fancy su-spoiler-icon-caret su-spoiler-closed\" data-scroll-offset=\"0\" data-anchor-in-url=\"no\"><div class=\"su-spoiler-title\" tabindex=\"0\" role=\"button\"><span class=\"su-spoiler-icon\"><\/span>Cuanto puedo faltar a la parte te\u00f3rica o de curso de monitor. <\/div><div class=\"su-spoiler-content su-u-clearfix su-u-trim\"><\/p>\n<p>La asistencia a las clases presenciales es obligatoria, en casos excepcionales y siempre que se justifique debidamente el alumno podr\u00e1 ausentarse, no pudiendo faltar un m\u00e1s 10% de las horas.<\/p>\n<p><\/div><\/div><\/p>\n<p><div class=\"su-spoiler su-spoiler-style-fancy su-spoiler-icon-caret su-spoiler-closed\" data-scroll-offset=\"0\" data-anchor-in-url=\"no\"><div class=\"su-spoiler-title\" tabindex=\"0\" role=\"button\"><span class=\"su-spoiler-icon\"><\/span>\u00bfCu\u00e1les son los requisitos para acceder al curso de monitor de tiempo libre? <\/div><div class=\"su-spoiler-content su-u-clearfix su-u-trim\"><\/p>\n<p>Requisitos:<\/p>\n<ol>\n<li>Estar en posesi\u00f3n del t\u00edtulo de graduado en educaci\u00f3n secundaria obligatoria.<\/li>\n<li>Estar en posesi\u00f3n de un certificado de profesionalidad de nivel 2.<\/li>\n<li>Estar en posesi\u00f3n de un certificado de profesionalidad de nivel 1 de la misma familia y \u00e1rea profesional para mtl.<\/li>\n<li>Cumplir el requisito acad\u00e9mico de acceso a los ciclos formativos de grado medio para el nivel 2, o bien haber superado las correspondientes pruebas de acceso reguladas por las administraciones educativas.<\/li>\n<li>Tener superada la prueba de acceso a la universidad para mayores de 25 a\u00f1os y\/o de 45 a\u00f1os.<\/li>\n<\/ol>\n<p><\/div><\/div><\/p>\n<p><div class=\"su-spoiler su-spoiler-style-fancy su-spoiler-icon-caret su-spoiler-closed\" data-scroll-offset=\"0\" data-anchor-in-url=\"no\"><div class=\"su-spoiler-title\" tabindex=\"0\" role=\"button\"><span class=\"su-spoiler-icon\"><\/span>\u00bfCu\u00e1les son los requisitos para acceder al curso de especialista de monitor de tiempo libre o coordinador de tiempo libre? <\/div><div class=\"su-spoiler-content su-u-clearfix su-u-trim\"><\/p>\n<p>Estar en posesi\u00f3n del t\u00edtulo de monitor o coordinador.<\/p>\n<p><\/div><\/div><\/p>\n<p><div class=\"su-spoiler su-spoiler-style-fancy su-spoiler-icon-caret su-spoiler-closed\" data-scroll-offset=\"0\" data-anchor-in-url=\"no\"><div class=\"su-spoiler-title\" tabindex=\"0\" role=\"button\"><span class=\"su-spoiler-icon\"><\/span>\u00bfCu\u00e1les son los requisitos para acceder al curso de especialista de coordinador de tiempo libre? <\/div><div class=\"su-spoiler-content su-u-clearfix su-u-trim\"><\/p>\n<p>Requisitos de acceso a la titulaci\u00f3n de coordinador\/a de tiempo libre:<br \/>\nPara acceder a la formaci\u00f3n de la titulaci\u00f3n los alumnos deber\u00e1n cumplir alguno de los siguientes requisitos:<\/p>\n<ol>\n<li>Estar en posesi\u00f3n del t\u00edtulo de bachiller.<\/li>\n<li>Estar en posesi\u00f3n de un certificado de profesionalidad de nivel 3 respectivamente.<\/li>\n<li>Estar en posesi\u00f3n de un certificado de profesionalidad de nivel 2 de la misma familia y \u00e1rea profesional para ctl.<\/li>\n<li>Cumplir el requisito acad\u00e9mico de acceso a los ciclos formativos de grado superior para el nivel 3, o bien haber superado las correspondientes pruebas de acceso reguladas por las administraciones educativas.<\/li>\n<li>Tener superada la prueba de acceso a la universidad para mayores de 25 a\u00f1os y\/o de 45 a\u00f1os.<br \/>\n<\/div><\/div><\/li>\n<\/ol>\n<p><div class=\"su-spoiler su-spoiler-style-fancy su-spoiler-icon-caret su-spoiler-closed\" data-scroll-offset=\"0\" data-anchor-in-url=\"no\"><div class=\"su-spoiler-title\" tabindex=\"0\" role=\"button\"><span class=\"su-spoiler-icon\"><\/span>\u00bfPuede ir a por el titulo una vez me llamen de la escuela para decirme que ya ha llegado el titulo otra persona? <\/div><div class=\"su-spoiler-content su-u-clearfix su-u-trim\"><\/p>\n<p>Si, puede venir un familiar, amigo, alguien de tu confianza y firmara un recib\u00ed y le entregamos el t\u00edtulo.<\/p>\n<p><\/div><\/div><\/p>\n<\/div><div id=\"\" class=\"lsow-tab-pane\"><h1>Informaci\u00f3n<\/h1>\n<hr \/>\n<p><a href=\"https:\/\/www.fundacionsancebrian.com\/portal\/wp-content\/uploads\/2025\/05\/EFOJ_Manual_Alumno.pdf\"><div class=\"su-service\"><div class=\"su-service-title\" style=\"padding-left:78px;min-height:64px;line-height:64px\"><img loading=\"lazy\" decoding=\"async\" src=\"https:\/\/www.fundacionsancebrian.com\/portal\/wp-content\/uploads\/2019\/11\/pdf.png\" width=\"64\" height=\"64\" alt=\"Manual del alumno\" style=\"width:64px;height:64px\" \/> Manual del alumno<\/div><div class=\"su-service-content su-u-clearfix su-u-trim\" style=\"padding-left:78px\"><\/div><\/div><\/a><\/p>\n<p><a href=\"https:\/\/www.fundacionsancebrian.com\/portal\/wp-content\/uploads\/2025\/05\/GUIA-ALUMNOS-SOLICITUD-EXPEDICION-TITULOS-DE-FORMACION-JUVENIL-NUEVO-DECRETO-21-2023.pdf\"><div class=\"su-service\"><div class=\"su-service-title\" style=\"padding-left:78px;min-height:64px;line-height:64px\"><img loading=\"lazy\" decoding=\"async\" src=\"https:\/\/www.fundacionsancebrian.com\/portal\/wp-content\/uploads\/2019\/11\/pdf.png\" width=\"64\" height=\"64\" alt=\"Gu\u00eda alumnos\" style=\"width:64px;height:64px\" \/> Gu\u00eda alumnos<\/div><div class=\"su-service-content su-u-clearfix su-u-trim\" style=\"padding-left:78px\"><\/div><\/div><\/a><\/p>\n<h1>Solicitud de t\u00edtulos por los alumnos<\/h1>\n<hr \/>\n<p><strong><u>SEDE ELECTR\u00d3NICA (IAPA 3572)<\/u><\/strong>: \u00a0Solicitud de T\u00edtulos de\u00a0<b>cursos que se rijan por el DECRETO 21\/2023<\/b>\u00a0y<b>\u00a0que se inicien antes del 23 de noviembre de 2024<\/b>\u00a0(incluido), una vez las escuelas comunican por sede electr\u00f3nica el acta de evaluaci\u00f3n del m\u00f3dulo formativo de pr\u00e1cticas del alumno en el formulario de \u201cCOMUNICACI\u00d3N DE ACTAS DE EVALUACI\u00d3N DE CURSOS DE FORMACI\u00d3N JUVENIL\u201d envi\u00e1is email al alumno con el enlace y el PDF de gu\u00eda de alumno de que ya puede solicitar su t\u00edtulo (os lo volvemos a facilitar):\u00a0<b><a id=\"OWA3e6c3130-4ade-2bff-8c5d-45a63da1f7b4\" class=\"x_OWAAutoLink\" title=\"https:\/\/www.tramitacastillayleon.jcyl.es\/web\/jcyl\/AdministracionElectronica\/es\/Plantilla100Detalle\/1251181050732\/enlaces\/1285367452224\/Tramite\" href=\"https:\/\/www.tramitacastillayleon.jcyl.es\/web\/jcyl\/AdministracionElectronica\/es\/Plantilla100Detalle\/1251181050732\/enlaces\/1285367452224\/Tramite\" target=\"_blank\" rel=\"noopener noreferrer\" data-auth=\"NotApplicable\" data-linkindex=\"4\">https:\/\/www.tramitacastillayleon.jcyl.es\/web\/jcyl\/AdministracionElectronica\/es\/Plantilla100Detalle\/1251181050732\/enlaces\/1285367452224\/Tramite<\/a><\/b><\/p>\n<p>&nbsp;<\/p>\n<p><strong><u>EFOJ<\/u><\/strong>: Solicitud de T\u00edtulos de\u00a0<b>cursos comunicados a trav\u00e9s de la nueva aplicaci\u00f3n EFOJ<\/b>, Una vez que el alumno ha superado con \u00e9xito todos los m\u00f3dulos formativos de la titulaci\u00f3n y una vez validado por el Servicio, el sistema notificar\u00e1 al alumno mediante email que ya puede solicitar la expedici\u00f3n de su titulaci\u00f3n accediendo al sistema mediante Cl@ve, verificar\u00e1 que sus datos son correctos y proceder\u00e1 al pago de la tasa en la plataforma de pago 046 por la aplicaci\u00f3n EFOJ, una vez verificado el pago por el Servicio y firmado el t\u00edtulo el sistema enviar\u00e1 un email avisando al alumno que ya dispone de su t\u00edtulo, pudiendo descargarse cuando quieran una copia autentica del mismo desde el sistema.<\/p>\n<p>&nbsp;<\/p>\n<p>En los tres casos, da igual el plan formativo, la nueva aplicaci\u00f3n EFOJ enviar\u00e1 un correo electr\u00f3nico al alumno en el momento que se expida su t\u00edtulo para que acceda a la aplicaci\u00f3n:\u00a0<a id=\"OWA7d3714a9-08ae-97d1-c271-788d46829d0f\" class=\"x_OWAAutoLink\" title=\"https:\/\/servicios.jcyl.es\/efojalumnos\/public\" href=\"https:\/\/servicios.jcyl.es\/efojalumnos\/public\" target=\"_blank\" rel=\"noopener noreferrer\" data-auth=\"NotApplicable\" data-linkindex=\"5\">https:\/\/servicios.jcyl.es\/efojalumnos\/public<\/a>\u00a0(permite identificarse utilizando Cl@ve: DNIe \/ Certificado electr\u00f3nico, Cl@ve PIN o Cl@ve permanente). Todos los t\u00edtulos expedidos de forma electr\u00f3nica disponen del\u00a0<b>bot\u00f3n \u201cDescargar Copia Aut\u00e9ntica Electr\u00f3nica\u201d\u00a0<\/b>para que el alumno recupere el t\u00edtulo original custodiado por la Junta de Castilla y Le\u00f3n, con lo que obtiene un documento PDF firmado electr\u00f3nicamente con el t\u00edtulo original.<\/p>\n<p>Cualquier alumno titulado podr\u00e1 entrar en EFOJ tambi\u00e9n para ver sus t\u00edtulos (incluido antiguos alumnos), aunque solo se podr\u00e1 descargar copia aut\u00e9ntica si el t\u00edtulo es electr\u00f3nico, en caso contrario podr\u00e1 solicitar un duplicado del mismo a trav\u00e9s del IAPA 1000:\u00a0<a id=\"OWAcb0b8f18-ee58-48b6-1d20-a2ef2e369bdd\" class=\"x_OWAAutoLink\" title=\"https:\/\/www.ae.jcyl.es\/dicitecwform\/index.html?app=Juventud&amp;form=P1000_F2655\" href=\"https:\/\/www.ae.jcyl.es\/dicitecwform\/index.html?app=Juventud&amp;form=P1000_F2655\" target=\"_blank\" rel=\"noopener noreferrer\" data-auth=\"NotApplicable\" data-linkindex=\"6\">https:\/\/www.ae.jcyl.es\/dicitecwform\/index.html?app=Juventud&amp;form=P1000_F2655<\/a><\/p>\n<\/div><\/div><!-- .lsow-tab-panes --><\/div><!-- .lsow-tabs --><\/div><\/div><\/div><\/div><\/div>","protected":false},"excerpt":{"rendered":"<p>Escuela de animaci\u00f3n PUNTOS SUSPENSIVOS &nbsp;Quienes somosCursosCertificadosRecursosVoluntariosPreguntasSolicitud de t\u00edtulosEscuela de Animaci\u00f3n Puntos Suspensivos Reconocida oficialmente por la Junta de Castilla y Le\u00f3n e inscrita con el n\u00famero 94, la Escuela de Animaci\u00f3n Juvenil y Tiempo Libre ocio inclusivo \u201cPuntos Suspensivos\u201d se configura como un servicio a los j\u00f3venes con y sin discapacidad de Castilla y [&hellip;]<\/p>\n","protected":false},"author":2,"featured_media":0,"parent":0,"menu_order":0,"comment_status":"closed","ping_status":"closed","template":"","meta":{"_seopress_titles_title":"","_seopress_titles_desc":"","_seopress_robots_index":"","_seopress_robots_follow":"","_seopress_robots_imageindex":"","_seopress_robots_snippet":"","_seopress_robots_primary_cat":"","_seopress_robots_breadcrumbs":"","_seopress_robots_freeze_modified_date":"","_seopress_robots_custom_modified_date":"","_seopress_robots_canonical":"","_seopress_social_fb_title":"","_seopress_social_fb_desc":"","_seopress_social_fb_img":"","_seopress_social_fb_img_attachment_id":0,"_seopress_social_fb_img_width":0,"_seopress_social_fb_img_height":0,"_seopress_social_twitter_title":"","_seopress_social_twitter_desc":"","_seopress_social_twitter_img":"","_seopress_social_twitter_img_attachment_id":0,"_seopress_social_twitter_img_width":0,"_seopress_social_twitter_img_height":0,"_seopress_redirections_value":"","_seopress_redirections_enabled":"","_seopress_redirections_enabled_regex":"","_seopress_redirections_logged_status":"both","_seopress_redirections_param":"","_seopress_redirections_type":301,"_seopress_analysis_target_kw":"","_eb_attr":"","footnotes":""},"categories":[],"tags":[95],"class_list":["post-189","page","type-page","status-publish","hentry","tag-escuelaanimacion","post"],"aioseo_notices":[],"aioseo_head":"\n\t\t<!-- All in One SEO 5.0.0.1 - aioseo.com -->\n\t<meta name=\"description\" content=\"Escuela de Animaci\u00f3n se configura como un servicio de educaci\u00f3n no formal y como Centro de Estudios e Investigaci\u00f3n sobre Juventud y Discapacidad.\" \/>\n\t<meta name=\"robots\" content=\"max-image-preview:large\" \/>\n\t<link rel=\"canonical\" href=\"https:\/\/www.fundacionsancebrian.com\/portal\/escuela-de-animacion-puntos-suspensivos\/\" \/>\n\t<meta name=\"generator\" content=\"All in One SEO (AIOSEO) 5.0.0.1\" \/>\n\t\t<script type=\"application\/ld+json\" class=\"aioseo-schema\">\n\t\t\t{\"@context\":\"https:\\\/\\\/schema.org\",\"@graph\":[{\"@type\":\"BreadcrumbList\",\"@id\":\"https:\\\/\\\/www.fundacionsancebrian.com\\\/portal\\\/escuela-de-animacion-puntos-suspensivos\\\/#breadcrumblist\",\"itemListElement\":[{\"@type\":\"ListItem\",\"@id\":\"https:\\\/\\\/www.fundacionsancebrian.com\\\/portal#listItem\",\"position\":1,\"name\":\"Inicio\",\"item\":\"https:\\\/\\\/www.fundacionsancebrian.com\\\/portal\",\"nextItem\":{\"@type\":\"ListItem\",\"@id\":\"https:\\\/\\\/www.fundacionsancebrian.com\\\/portal\\\/escuela-de-animacion-puntos-suspensivos\\\/#listItem\",\"name\":\"Escuela de animaci\\u00f3n \\u00abPuntos Suspensivos\\u00bb\"}},{\"@type\":\"ListItem\",\"@id\":\"https:\\\/\\\/www.fundacionsancebrian.com\\\/portal\\\/escuela-de-animacion-puntos-suspensivos\\\/#listItem\",\"position\":2,\"name\":\"Escuela de animaci\\u00f3n \\u00abPuntos Suspensivos\\u00bb\",\"previousItem\":{\"@type\":\"ListItem\",\"@id\":\"https:\\\/\\\/www.fundacionsancebrian.com\\\/portal#listItem\",\"name\":\"Inicio\"}}]},{\"@type\":\"Organization\",\"@id\":\"https:\\\/\\\/www.fundacionsancebrian.com\\\/portal\\\/#organization\",\"name\":\"Grupo Fundaci\\u00f3n San Cebri\\u00e1n\",\"description\":\"Mejorando la vida de las personas\",\"url\":\"https:\\\/\\\/www.fundacionsancebrian.com\\\/portal\\\/\"},{\"@type\":\"WebPage\",\"@id\":\"https:\\\/\\\/www.fundacionsancebrian.com\\\/portal\\\/escuela-de-animacion-puntos-suspensivos\\\/#webpage\",\"url\":\"https:\\\/\\\/www.fundacionsancebrian.com\\\/portal\\\/escuela-de-animacion-puntos-suspensivos\\\/\",\"name\":\"Escuela de animaci\\u00f3n | Grupo Fundaci\\u00f3n San Cebri\\u00e1n\",\"description\":\"Escuela de Animaci\\u00f3n se configura como un servicio de educaci\\u00f3n no formal y como Centro de Estudios e Investigaci\\u00f3n sobre Juventud y Discapacidad.\",\"inLanguage\":\"es-ES\",\"isPartOf\":{\"@id\":\"https:\\\/\\\/www.fundacionsancebrian.com\\\/portal\\\/#website\"},\"breadcrumb\":{\"@id\":\"https:\\\/\\\/www.fundacionsancebrian.com\\\/portal\\\/escuela-de-animacion-puntos-suspensivos\\\/#breadcrumblist\"},\"datePublished\":\"2018-01-18T09:36:05+01:00\",\"dateModified\":\"2025-05-20T15:09:22+02:00\"},{\"@type\":\"WebSite\",\"@id\":\"https:\\\/\\\/www.fundacionsancebrian.com\\\/portal\\\/#website\",\"url\":\"https:\\\/\\\/www.fundacionsancebrian.com\\\/portal\\\/\",\"name\":\"Grupo Fundaci\\u00f3n San Cebri\\u00e1n\",\"alternateName\":\"Grupo Fundaci\\u00f3n San Cebri\\u00e1n\",\"description\":\"Mejorando la vida de las personas\",\"inLanguage\":\"es-ES\",\"publisher\":{\"@id\":\"https:\\\/\\\/www.fundacionsancebrian.com\\\/portal\\\/#organization\"}}]}\n\t\t<\/script>\n\t\t<!-- All in One SEO -->\n\n","aioseo_head_json":{"title":"Escuela de animaci\u00f3n | Grupo Fundaci\u00f3n San Cebri\u00e1n","description":"Escuela de Animaci\u00f3n se configura como un servicio de educaci\u00f3n no formal y como Centro de Estudios e Investigaci\u00f3n sobre Juventud y Discapacidad.","canonical_url":"https:\/\/www.fundacionsancebrian.com\/portal\/escuela-de-animacion-puntos-suspensivos\/","robots":"max-image-preview:large","keywords":"","webmasterTools":{"miscellaneous":""},"schema":{"@context":"https:\/\/schema.org","@graph":[{"@type":"BreadcrumbList","@id":"https:\/\/www.fundacionsancebrian.com\/portal\/escuela-de-animacion-puntos-suspensivos\/#breadcrumblist","itemListElement":[{"@type":"ListItem","@id":"https:\/\/www.fundacionsancebrian.com\/portal#listItem","position":1,"name":"Inicio","item":"https:\/\/www.fundacionsancebrian.com\/portal","nextItem":{"@type":"ListItem","@id":"https:\/\/www.fundacionsancebrian.com\/portal\/escuela-de-animacion-puntos-suspensivos\/#listItem","name":"Escuela de animaci\u00f3n \u00abPuntos Suspensivos\u00bb"}},{"@type":"ListItem","@id":"https:\/\/www.fundacionsancebrian.com\/portal\/escuela-de-animacion-puntos-suspensivos\/#listItem","position":2,"name":"Escuela de animaci\u00f3n \u00abPuntos Suspensivos\u00bb","previousItem":{"@type":"ListItem","@id":"https:\/\/www.fundacionsancebrian.com\/portal#listItem","name":"Inicio"}}]},{"@type":"Organization","@id":"https:\/\/www.fundacionsancebrian.com\/portal\/#organization","name":"Grupo Fundaci\u00f3n San Cebri\u00e1n","description":"Mejorando la vida de las personas","url":"https:\/\/www.fundacionsancebrian.com\/portal\/"},{"@type":"WebPage","@id":"https:\/\/www.fundacionsancebrian.com\/portal\/escuela-de-animacion-puntos-suspensivos\/#webpage","url":"https:\/\/www.fundacionsancebrian.com\/portal\/escuela-de-animacion-puntos-suspensivos\/","name":"Escuela de animaci\u00f3n | Grupo Fundaci\u00f3n San Cebri\u00e1n","description":"Escuela de Animaci\u00f3n se configura como un servicio de educaci\u00f3n no formal y como Centro de Estudios e Investigaci\u00f3n sobre Juventud y Discapacidad.","inLanguage":"es-ES","isPartOf":{"@id":"https:\/\/www.fundacionsancebrian.com\/portal\/#website"},"breadcrumb":{"@id":"https:\/\/www.fundacionsancebrian.com\/portal\/escuela-de-animacion-puntos-suspensivos\/#breadcrumblist"},"datePublished":"2018-01-18T09:36:05+01:00","dateModified":"2025-05-20T15:09:22+02:00"},{"@type":"WebSite","@id":"https:\/\/www.fundacionsancebrian.com\/portal\/#website","url":"https:\/\/www.fundacionsancebrian.com\/portal\/","name":"Grupo Fundaci\u00f3n San Cebri\u00e1n","alternateName":"Grupo Fundaci\u00f3n San Cebri\u00e1n","description":"Mejorando la vida de las personas","inLanguage":"es-ES","publisher":{"@id":"https:\/\/www.fundacionsancebrian.com\/portal\/#organization"}}]}},"aioseo_meta_data":{"post_id":"189","title":"Escuela de animaci\u00f3n | #site_title","description":"Escuela de Animaci\u00f3n se configura como un servicio de educaci\u00f3n no formal y como Centro de Estudios e Investigaci\u00f3n sobre Juventud y Discapacidad.","keywords":[],"keyphrases":{"focus":{"keyphrase":"","score":0,"analysis":{"keyphraseInTitle":{"score":0,"maxScore":9,"error":1}}},"additional":[]},"primary_term":null,"canonical_url":null,"og_title":null,"og_description":null,"og_object_type":"default","og_image_type":"default","og_image_url":null,"og_image_width":null,"og_image_height":null,"og_image_custom_url":null,"og_image_custom_fields":null,"og_video":"","og_custom_url":null,"og_article_section":null,"og_article_tags":[],"twitter_use_og":false,"twitter_card":"default","twitter_image_type":"default","twitter_image_url":null,"twitter_image_custom_url":null,"twitter_image_custom_fields":null,"twitter_title":null,"twitter_description":null,"schema":{"blockGraphs":[],"customGraphs":[],"default":{"data":{"Article":[],"Course":[],"Dataset":[],"FAQPage":[],"Movie":[],"Person":[],"Product":[],"ProductReview":[],"Car":[],"Recipe":[],"Service":[],"SoftwareApplication":[],"WebPage":{"id":"aioseo-web-page-635a24fa959b0","slug":"web-page","graphName":"WebPage","label":"P\u00e1gina web","properties":{"type":"WebPage","name":"","description":""}}},"graphName":"WebPage","isEnabled":true},"graphs":[]},"schema_type":"default","schema_type_options":"{\"article\":{\"articleType\":\"BlogPosting\"},\"course\":{\"name\":\"\",\"description\":\"\",\"provider\":\"\"},\"faq\":{\"pages\":[]},\"product\":{\"reviews\":[]},\"recipe\":{\"ingredients\":[],\"instructions\":[],\"keywords\":[]},\"software\":{\"reviews\":[],\"operatingSystems\":[]},\"webPage\":{\"webPageType\":\"WebPage\"}}","pillar_content":false,"robots_default":true,"robots_noindex":false,"robots_noarchive":false,"robots_nosnippet":false,"robots_nofollow":false,"robots_noimageindex":false,"robots_noodp":false,"robots_notranslate":false,"robots_max_snippet":"-1","robots_max_videopreview":"-1","robots_max_imagepreview":"large","priority":null,"frequency":"default","location":null,"local_seo":null,"breadcrumb_settings":null,"limit_modified_date":false,"ai":null,"created":"2021-01-14 16:47:45","updated":"2026-05-20 02:11:56","seo_analyzer_scan_date":null,"focus_keyword":null,"additional_keywords":null,"truseo_locale":null},"aioseo_breadcrumb":"<div class=\"aioseo-breadcrumbs\"><span class=\"aioseo-breadcrumb\">\n\t\t\t<a href=\"https:\/\/www.fundacionsancebrian.com\/portal\" title=\"Inicio\">Inicio<\/a>\n\t\t<\/span><span class=\"aioseo-breadcrumb-separator\">&raquo;<\/span><span class=\"aioseo-breadcrumb\">\n\t\t\tEscuela de animaci\u00f3n \u00abPuntos Suspensivos\u00bb\n\t\t<\/span><\/div>","aioseo_breadcrumb_json":[{"label":"Inicio","link":"https:\/\/www.fundacionsancebrian.com\/portal"},{"label":"Escuela de animaci\u00f3n \u00abPuntos Suspensivos\u00bb","link":"https:\/\/www.fundacionsancebrian.com\/portal\/escuela-de-animacion-puntos-suspensivos\/"}],"_links":{"self":[{"href":"https:\/\/www.fundacionsancebrian.com\/portal\/wp-json\/wp\/v2\/pages\/189","targetHints":{"allow":["GET"]}}],"collection":[{"href":"https:\/\/www.fundacionsancebrian.com\/portal\/wp-json\/wp\/v2\/pages"}],"about":[{"href":"https:\/\/www.fundacionsancebrian.com\/portal\/wp-json\/wp\/v2\/types\/page"}],"author":[{"embeddable":true,"href":"https:\/\/www.fundacionsancebrian.com\/portal\/wp-json\/wp\/v2\/users\/2"}],"replies":[{"embeddable":true,"href":"https:\/\/www.fundacionsancebrian.com\/portal\/wp-json\/wp\/v2\/comments?post=189"}],"version-history":[{"count":138,"href":"https:\/\/www.fundacionsancebrian.com\/portal\/wp-json\/wp\/v2\/pages\/189\/revisions"}],"predecessor-version":[{"id":13620,"href":"https:\/\/www.fundacionsancebrian.com\/portal\/wp-json\/wp\/v2\/pages\/189\/revisions\/13620"}],"wp:attachment":[{"href":"https:\/\/www.fundacionsancebrian.com\/portal\/wp-json\/wp\/v2\/media?parent=189"}],"wp:term":[{"taxonomy":"category","embeddable":true,"href":"https:\/\/www.fundacionsancebrian.com\/portal\/wp-json\/wp\/v2\/categories?post=189"},{"taxonomy":"post_tag","embeddable":true,"href":"https:\/\/www.fundacionsancebrian.com\/portal\/wp-json\/wp\/v2\/tags?post=189"}],"curies":[{"name":"wp","href":"https:\/\/api.w.org\/{rel}","templated":true}]}}